{"id":17321,"date":"2025-01-17T16:06:42","date_gmt":"2025-01-17T16:06:42","guid":{"rendered":"https:\/\/www.fundacioneducacionydesarrollo.org\/?page_id=17321"},"modified":"2025-03-11T10:42:43","modified_gmt":"2025-03-11T10:42:43","slug":"primera-mirada-al-mar","status":"publish","type":"page","link":"https:\/\/www.fundacioneducacionydesarrollo.org\/en\/biblioteca\/primera-mirada-al-mar\/","title":{"rendered":"Primera mirada al Mar"},"content":{"rendered":"\t\t<div data-elementor-type=\"wp-page\" data-elementor-id=\"17321\" class=\"elementor elementor-17321\" data-elementor-post-type=\"page\">\n\t\t\t\t\t\t<section class=\"elementor-section elementor-top-section elementor-element elementor-element-38cf9c8 elementor-section-height-min-height elementor-hidden-mobile_extra elementor-hidden-mobile elementor-section-stretched elementor-section-boxed elementor-section-height-default elementor-section-items-middle\" data-id=\"38cf9c8\" data-element_type=\"section\" data-e-type=\"section\" data-settings=\"{&quot;background_background&quot;:&quot;classic&quot;,&quot;sticky&quot;:&quot;top&quot;,&quot;sticky_on&quot;:[&quot;widescreen&quot;,&quot;desktop&quot;,&quot;laptop&quot;,&quot;tablet_extra&quot;,&quot;tablet&quot;],&quot;sticky_effects_offset&quot;:100,&quot;stretch_section&quot;:&quot;section-stretched&quot;,&quot;sticky_offset&quot;:0,&quot;sticky_anchor_link_offset&quot;:0}\">\n\t\t\t\t\t\t\t<div class=\"elementor-background-overlay\"><\/div>\n\t\t\t\t\t\t\t<div class=\"elementor-container elementor-column-gap-default\">\n\t\t\t\t\t<div class=\"elementor-column elementor-col-33 elementor-top-column elementor-element elementor-element-148b479\" data-id=\"148b479\" data-element_type=\"column\" data-e-type=\"column\">\n\t\t\t<div class=\"elementor-widget-wrap elementor-element-populated\">\n\t\t\t\t\t\t<div class=\"elementor-element elementor-element-584964e logo elementor-widget elementor-widget-theme-site-logo elementor-widget-image\" data-id=\"584964e\" data-element_type=\"widget\" data-e-type=\"widget\" data-widget_type=\"theme-site-logo.default\">\n\t\t\t\t<div class=\"elementor-widget-container\">\n\t\t\t\t\t\t\t\t\t\t\t<a href=\"https:\/\/www.fundacioneducacionydesarrollo.org\/en\">\n\t\t\t<img fetchpriority=\"high\" decoding=\"async\" width=\"512\" height=\"341\" src=\"https:\/\/www.fundacioneducacionydesarrollo.org\/wp-content\/uploads\/2022\/01\/LOGO-ORIGINAL-164x109.png\" class=\"elementor-animation-pulse attachment-full size-full wp-image-35\" alt=\"logo FED\" srcset=\"https:\/\/www.fundacioneducacionydesarrollo.org\/wp-content\/uploads\/2022\/01\/LOGO-ORIGINAL.png 512w, https:\/\/www.fundacioneducacionydesarrollo.org\/wp-content\/uploads\/2022\/01\/LOGO-ORIGINAL-300x200.png 300w, https:\/\/www.fundacioneducacionydesarrollo.org\/wp-content\/uploads\/2022\/01\/LOGO-ORIGINAL-18x12.png 18w, https:\/\/www.fundacioneducacionydesarrollo.org\/wp-content\/uploads\/2022\/01\/LOGO-ORIGINAL-164x109.png 164w\" sizes=\"(max-width: 512px) 100vw, 512px\" \/>\t\t\t\t<\/a>\n\t\t\t\t\t\t\t\t\t\t\t<\/div>\n\t\t\t\t<\/div>\n\t\t\t\t\t<\/div>\n\t\t<\/div>\n\t\t\t\t<div class=\"elementor-column elementor-col-33 elementor-top-column elementor-element elementor-element-dc6ce72\" data-id=\"dc6ce72\" data-element_type=\"column\" data-e-type=\"column\">\n\t\t\t<div class=\"elementor-widget-wrap elementor-element-populated\">\n\t\t\t\t\t\t<div class=\"elementor-element elementor-element-6f5a2dd elementor-nav-menu__align-end elementor-nav-menu--dropdown-tablet elementor-nav-menu__text-align-aside elementor-nav-menu--toggle elementor-nav-menu--burger elementor-widget elementor-widget-nav-menu\" data-id=\"6f5a2dd\" data-element_type=\"widget\" data-e-type=\"widget\" data-settings=\"{&quot;layout&quot;:&quot;horizontal&quot;,&quot;submenu_icon&quot;:{&quot;value&quot;:&quot;&lt;i class=\\&quot;fas fa-caret-down\\&quot; aria-hidden=\\&quot;true\\&quot;&gt;&lt;\\\/i&gt;&quot;,&quot;library&quot;:&quot;fa-solid&quot;},&quot;toggle&quot;:&quot;burger&quot;}\" data-widget_type=\"nav-menu.default\">\n\t\t\t\t<div class=\"elementor-widget-container\">\n\t\t\t\t\t\t\t\t<nav aria-label=\"Menu\" class=\"elementor-nav-menu--main elementor-nav-menu__container elementor-nav-menu--layout-horizontal e--pointer-text e--animation-grow\">\n\t\t\t\t<ul id=\"menu-1-6f5a2dd\" class=\"elementor-nav-menu\"><li class=\"menu-item menu-item-type-post_type menu-item-object-page menu-item-home menu-item-has-children menu-item-3127\"><a aria-expanded=\"false\" href=\"https:\/\/www.fundacioneducacionydesarrollo.org\/en\/\" class=\"elementor-item menu-link\">INICIO<span role=\"application\" class=\"dropdown-menu-toggle ast-header-navigation-arrow\" tabindex=\"0\" aria-expanded=\"false\" aria-label=\"Menu Toggle\" ><\/span><\/a>\n<ul class=\"sub-menu elementor-nav-menu--dropdown\">\n\t<li class=\"menu-item menu-item-type-post_type menu-item-object-page menu-item-14974\"><a href=\"https:\/\/www.fundacioneducacionydesarrollo.org\/en\/inicio\/efectos-del-juego\/\" class=\"elementor-sub-item menu-link\">Efectos del Juego<\/a><\/li>\n<\/ul>\n<\/li>\n<li class=\"menu-item menu-item-type-custom menu-item-object-custom menu-item-has-children menu-item-11441\"><a aria-expanded=\"false\" href=\"#\" class=\"elementor-item elementor-item-anchor menu-link\">CON\u00d3CENOS<span role=\"application\" class=\"dropdown-menu-toggle ast-header-navigation-arrow\" tabindex=\"0\" aria-expanded=\"false\" aria-label=\"Menu Toggle\" ><\/span><\/a>\n<ul class=\"sub-menu elementor-nav-menu--dropdown\">\n\t<li class=\"menu-item menu-item-type-post_type menu-item-object-page menu-item-10488\"><a href=\"https:\/\/www.fundacioneducacionydesarrollo.org\/en\/inicio\/quienes-somos\/\" class=\"elementor-sub-item menu-link\">Quienes somos<\/a><\/li>\n\t<li class=\"menu-item menu-item-type-post_type menu-item-object-page menu-item-2761\"><a href=\"https:\/\/www.fundacioneducacionydesarrollo.org\/en\/actividades\/\" class=\"elementor-sub-item menu-link\">Qu\u00e9 hacemos<\/a><\/li>\n\t<li class=\"menu-item menu-item-type-post_type menu-item-object-page menu-item-2758\"><a href=\"https:\/\/www.fundacioneducacionydesarrollo.org\/en\/inicio\/trabajo\/\" class=\"elementor-sub-item menu-link\">Convenios<\/a><\/li>\n\t<li class=\"menu-item menu-item-type-post_type menu-item-object-e-landing-page menu-item-15173\"><a href=\"https:\/\/www.fundacioneducacionydesarrollo.org\/en\/memorias\/\" class=\"elementor-sub-item menu-link\">Memorias<\/a><\/li>\n\t<li class=\"menu-item menu-item-type-post_type menu-item-object-page menu-item-2759\"><a href=\"https:\/\/www.fundacioneducacionydesarrollo.org\/en\/inicio\/reconocimientos\/\" class=\"elementor-sub-item menu-link\">Reconocimientos<\/a><\/li>\n\t<li class=\"menu-item menu-item-type-post_type menu-item-object-page menu-item-15962\"><a href=\"https:\/\/www.fundacioneducacionydesarrollo.org\/en\/actividades\/programa-de-voluntariado\/\" class=\"elementor-sub-item menu-link\">Programa de Voluntariado<\/a><\/li>\n<\/ul>\n<\/li>\n<li class=\"menu-item menu-item-type-custom menu-item-object-custom menu-item-has-children menu-item-10938\"><a aria-expanded=\"false\" href=\"#\" class=\"elementor-item elementor-item-anchor menu-link\">ACTIVIDADES<span role=\"application\" class=\"dropdown-menu-toggle ast-header-navigation-arrow\" tabindex=\"0\" aria-expanded=\"false\" aria-label=\"Menu Toggle\" ><\/span><\/a>\n<ul class=\"sub-menu elementor-nav-menu--dropdown\">\n\t<li class=\"menu-item menu-item-type-post_type menu-item-object-page menu-item-18207\"><a href=\"https:\/\/www.fundacioneducacionydesarrollo.org\/en\/actividades\/codi-teca\/\" class=\"elementor-sub-item menu-link\">CODI-TECA<\/a><\/li>\n\t<li class=\"menu-item menu-item-type-post_type menu-item-object-page menu-item-18018\"><a href=\"https:\/\/www.fundacioneducacionydesarrollo.org\/en\/actividades\/diplomatura-2025\/\" class=\"elementor-sub-item menu-link\">Diplomatura 2025<\/a><\/li>\n\t<li class=\"menu-item menu-item-type-post_type menu-item-object-e-landing-page menu-item-has-children menu-item-17059\"><a aria-expanded=\"false\" href=\"https:\/\/www.fundacioneducacionydesarrollo.org\/en\/red-de-ludotecas-de-peru\/\" class=\"elementor-sub-item menu-link\">Redes de Ludotecas<span role=\"application\" class=\"dropdown-menu-toggle ast-header-navigation-arrow\" tabindex=\"0\" aria-expanded=\"false\" aria-label=\"Menu Toggle\" ><\/span><\/a>\n\t<ul class=\"sub-menu elementor-nav-menu--dropdown\">\n\t\t<li class=\"menu-item menu-item-type-post_type menu-item-object-page menu-item-6982\"><a href=\"https:\/\/www.fundacioneducacionydesarrollo.org\/en\/actividades\/redes-de-ludotecas\/presentacion-de-la-red-de-ludotecas-de-peru\/\" class=\"elementor-sub-item menu-link\">Presentaci\u00f3n de la RED<\/a><\/li>\n\t\t<li class=\"menu-item menu-item-type-post_type menu-item-object-page menu-item-17060\"><a href=\"https:\/\/www.fundacioneducacionydesarrollo.org\/en\/actividades\/redes-de-ludotecas\/ludotecas-escolares\/\" class=\"elementor-sub-item menu-link\">Ludotecas escolares<\/a><\/li>\n\t\t<li class=\"menu-item menu-item-type-post_type menu-item-object-page menu-item-17191\"><a href=\"https:\/\/www.fundacioneducacionydesarrollo.org\/en\/actividades\/redes-de-ludotecas\/ludotecas-comunales\/\" class=\"elementor-sub-item menu-link\">Ludotecas comunales<\/a><\/li>\n\t<\/ul>\n<\/li>\n\t<li class=\"menu-item menu-item-type-post_type menu-item-object-page menu-item-has-children menu-item-16128\"><a aria-expanded=\"false\" href=\"https:\/\/www.fundacioneducacionydesarrollo.org\/en\/actividades\/construyendo-mi-juguete-ecologico\/\" class=\"elementor-sub-item menu-link\">Construyendo mi juguete ecol\u00f3gico<span role=\"application\" class=\"dropdown-menu-toggle ast-header-navigation-arrow\" tabindex=\"0\" aria-expanded=\"false\" aria-label=\"Menu Toggle\" ><\/span><\/a>\n\t<ul class=\"sub-menu elementor-nav-menu--dropdown\">\n\t\t<li class=\"menu-item menu-item-type-post_type menu-item-object-page menu-item-16443\"><a href=\"https:\/\/www.fundacioneducacionydesarrollo.org\/en\/actividades\/construyendo-mi-juguete-ecologico\/exposicion-de-juguetes-ecologicos\/\" class=\"elementor-sub-item menu-link\">Exposici\u00f3n de Juguetes Ecol\u00f3gicos<\/a><\/li>\n\t<\/ul>\n<\/li>\n\t<li class=\"menu-item menu-item-type-post_type menu-item-object-e-landing-page menu-item-has-children menu-item-14588\"><a aria-expanded=\"false\" href=\"https:\/\/www.fundacioneducacionydesarrollo.org\/en\/destapemos-la-creatividad\/\" class=\"elementor-sub-item menu-link\">Destapemos la Creatividad<span role=\"application\" class=\"dropdown-menu-toggle ast-header-navigation-arrow\" tabindex=\"0\" aria-expanded=\"false\" aria-label=\"Menu Toggle\" ><\/span><\/a>\n\t<ul class=\"sub-menu elementor-nav-menu--dropdown\">\n\t\t<li class=\"menu-item menu-item-type-post_type menu-item-object-e-landing-page menu-item-14638\"><a href=\"https:\/\/www.fundacioneducacionydesarrollo.org\/en\/elecciones-2023\/\" class=\"elementor-sub-item menu-link\">Elecciones 2023<\/a><\/li>\n\t<\/ul>\n<\/li>\n\t<li class=\"menu-item menu-item-type-post_type menu-item-object-page menu-item-12528\"><a href=\"https:\/\/www.fundacioneducacionydesarrollo.org\/en\/actividades\/yo-elijo-mis-juguetes\/\" class=\"elementor-sub-item menu-link\">Yo Elijo mis Juguetes<\/a><\/li>\n<\/ul>\n<\/li>\n<li class=\"menu-item menu-item-type-post_type menu-item-object-page menu-item-has-children menu-item-2765\"><a aria-expanded=\"false\" href=\"https:\/\/www.fundacioneducacionydesarrollo.org\/en\/biblioteca\/\" class=\"elementor-item menu-link\">BIBLIOTECA<span role=\"application\" class=\"dropdown-menu-toggle ast-header-navigation-arrow\" tabindex=\"0\" aria-expanded=\"false\" aria-label=\"Menu Toggle\" ><\/span><\/a>\n<ul class=\"sub-menu elementor-nav-menu--dropdown\">\n\t<li class=\"menu-item menu-item-type-post_type menu-item-object-page menu-item-2766\"><a href=\"https:\/\/www.fundacioneducacionydesarrollo.org\/en\/galeria\/\" class=\"elementor-sub-item menu-link\">Galer\u00eda<\/a><\/li>\n\t<li class=\"menu-item menu-item-type-post_type menu-item-object-page menu-item-17397\"><a href=\"https:\/\/www.fundacioneducacionydesarrollo.org\/en\/biblioteca\/primera-mirada-al-mar\/\" class=\"elementor-sub-item menu-link\">Primera mirada al Mar<\/a><\/li>\n\t<li class=\"menu-item menu-item-type-post_type menu-item-object-page menu-item-15354\"><a href=\"https:\/\/www.fundacioneducacionydesarrollo.org\/en\/biblioteca\/beebee-todas-a-una\/\" class=\"elementor-sub-item menu-link\">Beebee \u00a1Todas a una!<\/a><\/li>\n\t<li class=\"menu-item menu-item-type-post_type menu-item-object-e-landing-page menu-item-17716\"><a href=\"https:\/\/www.fundacioneducacionydesarrollo.org\/en\/educacion-rural\/\" class=\"elementor-sub-item menu-link\">Educaci\u00f3n Rural<\/a><\/li>\n<\/ul>\n<\/li>\n<li class=\"menu-item menu-item-type-post_type menu-item-object-page menu-item-has-children menu-item-2767\"><a aria-expanded=\"false\" href=\"https:\/\/www.fundacioneducacionydesarrollo.org\/en\/agenda\/\" class=\"elementor-item menu-link\">AGENDA<span role=\"application\" class=\"dropdown-menu-toggle ast-header-navigation-arrow\" tabindex=\"0\" aria-expanded=\"false\" aria-label=\"Menu Toggle\" ><\/span><\/a>\n<ul class=\"sub-menu elementor-nav-menu--dropdown\">\n\t<li class=\"menu-item menu-item-type-post_type menu-item-object-page menu-item-18277\"><a href=\"https:\/\/www.fundacioneducacionydesarrollo.org\/en\/blog\/\" class=\"elementor-sub-item menu-link\">Blog<\/a><\/li>\n<\/ul>\n<\/li>\n<li class=\"menu-item menu-item-type-post_type menu-item-object-page menu-item-2768\"><a href=\"https:\/\/www.fundacioneducacionydesarrollo.org\/en\/colabora\/contacto\/\" class=\"elementor-item menu-link\">CONTACTO<\/a><\/li>\n<\/ul>\t\t\t<\/nav>\n\t\t\t\t\t<div class=\"elementor-menu-toggle\" role=\"button\" tabindex=\"0\" aria-label=\"Menu Toggle\" aria-expanded=\"false\">\n\t\t\t<i aria-hidden=\"true\" role=\"presentation\" class=\"elementor-menu-toggle__icon--open eicon-menu-bar\"><\/i><i aria-hidden=\"true\" role=\"presentation\" class=\"elementor-menu-toggle__icon--close eicon-close\"><\/i>\t\t<\/div>\n\t\t\t\t\t<nav class=\"elementor-nav-menu--dropdown elementor-nav-menu__container\" aria-hidden=\"true\">\n\t\t\t\t<ul id=\"menu-2-6f5a2dd\" class=\"elementor-nav-menu\"><li class=\"menu-item menu-item-type-post_type menu-item-object-page menu-item-home menu-item-has-children menu-item-3127\"><a aria-expanded=\"false\" href=\"https:\/\/www.fundacioneducacionydesarrollo.org\/en\/\" class=\"elementor-item menu-link\" tabindex=\"-1\">INICIO<span role=\"application\" class=\"dropdown-menu-toggle ast-header-navigation-arrow\" tabindex=\"0\" aria-expanded=\"false\" aria-label=\"Menu Toggle\" ><\/span><\/a>\n<ul class=\"sub-menu elementor-nav-menu--dropdown\">\n\t<li class=\"menu-item menu-item-type-post_type menu-item-object-page menu-item-14974\"><a href=\"https:\/\/www.fundacioneducacionydesarrollo.org\/en\/inicio\/efectos-del-juego\/\" class=\"elementor-sub-item menu-link\" tabindex=\"-1\">Efectos del Juego<\/a><\/li>\n<\/ul>\n<\/li>\n<li class=\"menu-item menu-item-type-custom menu-item-object-custom menu-item-has-children menu-item-11441\"><a aria-expanded=\"false\" href=\"#\" class=\"elementor-item elementor-item-anchor menu-link\" tabindex=\"-1\">CON\u00d3CENOS<span role=\"application\" class=\"dropdown-menu-toggle ast-header-navigation-arrow\" tabindex=\"0\" aria-expanded=\"false\" aria-label=\"Menu Toggle\" ><\/span><\/a>\n<ul class=\"sub-menu elementor-nav-menu--dropdown\">\n\t<li class=\"menu-item menu-item-type-post_type menu-item-object-page menu-item-10488\"><a href=\"https:\/\/www.fundacioneducacionydesarrollo.org\/en\/inicio\/quienes-somos\/\" class=\"elementor-sub-item menu-link\" tabindex=\"-1\">Quienes somos<\/a><\/li>\n\t<li class=\"menu-item menu-item-type-post_type menu-item-object-page menu-item-2761\"><a href=\"https:\/\/www.fundacioneducacionydesarrollo.org\/en\/actividades\/\" class=\"elementor-sub-item menu-link\" tabindex=\"-1\">Qu\u00e9 hacemos<\/a><\/li>\n\t<li class=\"menu-item menu-item-type-post_type menu-item-object-page menu-item-2758\"><a href=\"https:\/\/www.fundacioneducacionydesarrollo.org\/en\/inicio\/trabajo\/\" class=\"elementor-sub-item menu-link\" tabindex=\"-1\">Convenios<\/a><\/li>\n\t<li class=\"menu-item menu-item-type-post_type menu-item-object-e-landing-page menu-item-15173\"><a href=\"https:\/\/www.fundacioneducacionydesarrollo.org\/en\/memorias\/\" class=\"elementor-sub-item menu-link\" tabindex=\"-1\">Memorias<\/a><\/li>\n\t<li class=\"menu-item menu-item-type-post_type menu-item-object-page menu-item-2759\"><a href=\"https:\/\/www.fundacioneducacionydesarrollo.org\/en\/inicio\/reconocimientos\/\" class=\"elementor-sub-item menu-link\" tabindex=\"-1\">Reconocimientos<\/a><\/li>\n\t<li class=\"menu-item menu-item-type-post_type menu-item-object-page menu-item-15962\"><a href=\"https:\/\/www.fundacioneducacionydesarrollo.org\/en\/actividades\/programa-de-voluntariado\/\" class=\"elementor-sub-item menu-link\" tabindex=\"-1\">Programa de Voluntariado<\/a><\/li>\n<\/ul>\n<\/li>\n<li class=\"menu-item menu-item-type-custom menu-item-object-custom menu-item-has-children menu-item-10938\"><a aria-expanded=\"false\" href=\"#\" class=\"elementor-item elementor-item-anchor menu-link\" tabindex=\"-1\">ACTIVIDADES<span role=\"application\" class=\"dropdown-menu-toggle ast-header-navigation-arrow\" tabindex=\"0\" aria-expanded=\"false\" aria-label=\"Menu Toggle\" ><\/span><\/a>\n<ul class=\"sub-menu elementor-nav-menu--dropdown\">\n\t<li class=\"menu-item menu-item-type-post_type menu-item-object-page menu-item-18207\"><a href=\"https:\/\/www.fundacioneducacionydesarrollo.org\/en\/actividades\/codi-teca\/\" class=\"elementor-sub-item menu-link\" tabindex=\"-1\">CODI-TECA<\/a><\/li>\n\t<li class=\"menu-item menu-item-type-post_type menu-item-object-page menu-item-18018\"><a href=\"https:\/\/www.fundacioneducacionydesarrollo.org\/en\/actividades\/diplomatura-2025\/\" class=\"elementor-sub-item menu-link\" tabindex=\"-1\">Diplomatura 2025<\/a><\/li>\n\t<li class=\"menu-item menu-item-type-post_type menu-item-object-e-landing-page menu-item-has-children menu-item-17059\"><a aria-expanded=\"false\" href=\"https:\/\/www.fundacioneducacionydesarrollo.org\/en\/red-de-ludotecas-de-peru\/\" class=\"elementor-sub-item menu-link\" tabindex=\"-1\">Redes de Ludotecas<span role=\"application\" class=\"dropdown-menu-toggle ast-header-navigation-arrow\" tabindex=\"0\" aria-expanded=\"false\" aria-label=\"Menu Toggle\" ><\/span><\/a>\n\t<ul class=\"sub-menu elementor-nav-menu--dropdown\">\n\t\t<li class=\"menu-item menu-item-type-post_type menu-item-object-page menu-item-6982\"><a href=\"https:\/\/www.fundacioneducacionydesarrollo.org\/en\/actividades\/redes-de-ludotecas\/presentacion-de-la-red-de-ludotecas-de-peru\/\" class=\"elementor-sub-item menu-link\" tabindex=\"-1\">Presentaci\u00f3n de la RED<\/a><\/li>\n\t\t<li class=\"menu-item menu-item-type-post_type menu-item-object-page menu-item-17060\"><a href=\"https:\/\/www.fundacioneducacionydesarrollo.org\/en\/actividades\/redes-de-ludotecas\/ludotecas-escolares\/\" class=\"elementor-sub-item menu-link\" tabindex=\"-1\">Ludotecas escolares<\/a><\/li>\n\t\t<li class=\"menu-item menu-item-type-post_type menu-item-object-page menu-item-17191\"><a href=\"https:\/\/www.fundacioneducacionydesarrollo.org\/en\/actividades\/redes-de-ludotecas\/ludotecas-comunales\/\" class=\"elementor-sub-item menu-link\" tabindex=\"-1\">Ludotecas comunales<\/a><\/li>\n\t<\/ul>\n<\/li>\n\t<li class=\"menu-item menu-item-type-post_type menu-item-object-page menu-item-has-children menu-item-16128\"><a aria-expanded=\"false\" href=\"https:\/\/www.fundacioneducacionydesarrollo.org\/en\/actividades\/construyendo-mi-juguete-ecologico\/\" class=\"elementor-sub-item menu-link\" tabindex=\"-1\">Construyendo mi juguete ecol\u00f3gico<span role=\"application\" class=\"dropdown-menu-toggle ast-header-navigation-arrow\" tabindex=\"0\" aria-expanded=\"false\" aria-label=\"Menu Toggle\" ><\/span><\/a>\n\t<ul class=\"sub-menu elementor-nav-menu--dropdown\">\n\t\t<li class=\"menu-item menu-item-type-post_type menu-item-object-page menu-item-16443\"><a href=\"https:\/\/www.fundacioneducacionydesarrollo.org\/en\/actividades\/construyendo-mi-juguete-ecologico\/exposicion-de-juguetes-ecologicos\/\" class=\"elementor-sub-item menu-link\" tabindex=\"-1\">Exposici\u00f3n de Juguetes Ecol\u00f3gicos<\/a><\/li>\n\t<\/ul>\n<\/li>\n\t<li class=\"menu-item menu-item-type-post_type menu-item-object-e-landing-page menu-item-has-children menu-item-14588\"><a aria-expanded=\"false\" href=\"https:\/\/www.fundacioneducacionydesarrollo.org\/en\/destapemos-la-creatividad\/\" class=\"elementor-sub-item menu-link\" tabindex=\"-1\">Destapemos la Creatividad<span role=\"application\" class=\"dropdown-menu-toggle ast-header-navigation-arrow\" tabindex=\"0\" aria-expanded=\"false\" aria-label=\"Menu Toggle\" ><\/span><\/a>\n\t<ul class=\"sub-menu elementor-nav-menu--dropdown\">\n\t\t<li class=\"menu-item menu-item-type-post_type menu-item-object-e-landing-page menu-item-14638\"><a href=\"https:\/\/www.fundacioneducacionydesarrollo.org\/en\/elecciones-2023\/\" class=\"elementor-sub-item menu-link\" tabindex=\"-1\">Elecciones 2023<\/a><\/li>\n\t<\/ul>\n<\/li>\n\t<li class=\"menu-item menu-item-type-post_type menu-item-object-page menu-item-12528\"><a href=\"https:\/\/www.fundacioneducacionydesarrollo.org\/en\/actividades\/yo-elijo-mis-juguetes\/\" class=\"elementor-sub-item menu-link\" tabindex=\"-1\">Yo Elijo mis Juguetes<\/a><\/li>\n<\/ul>\n<\/li>\n<li class=\"menu-item menu-item-type-post_type menu-item-object-page menu-item-has-children menu-item-2765\"><a aria-expanded=\"false\" href=\"https:\/\/www.fundacioneducacionydesarrollo.org\/en\/biblioteca\/\" class=\"elementor-item menu-link\" tabindex=\"-1\">BIBLIOTECA<span role=\"application\" class=\"dropdown-menu-toggle ast-header-navigation-arrow\" tabindex=\"0\" aria-expanded=\"false\" aria-label=\"Menu Toggle\" ><\/span><\/a>\n<ul class=\"sub-menu elementor-nav-menu--dropdown\">\n\t<li class=\"menu-item menu-item-type-post_type menu-item-object-page menu-item-2766\"><a href=\"https:\/\/www.fundacioneducacionydesarrollo.org\/en\/galeria\/\" class=\"elementor-sub-item menu-link\" tabindex=\"-1\">Galer\u00eda<\/a><\/li>\n\t<li class=\"menu-item menu-item-type-post_type menu-item-object-page menu-item-17397\"><a href=\"https:\/\/www.fundacioneducacionydesarrollo.org\/en\/biblioteca\/primera-mirada-al-mar\/\" class=\"elementor-sub-item menu-link\" tabindex=\"-1\">Primera mirada al Mar<\/a><\/li>\n\t<li class=\"menu-item menu-item-type-post_type menu-item-object-page menu-item-15354\"><a href=\"https:\/\/www.fundacioneducacionydesarrollo.org\/en\/biblioteca\/beebee-todas-a-una\/\" class=\"elementor-sub-item menu-link\" tabindex=\"-1\">Beebee \u00a1Todas a una!<\/a><\/li>\n\t<li class=\"menu-item menu-item-type-post_type menu-item-object-e-landing-page menu-item-17716\"><a href=\"https:\/\/www.fundacioneducacionydesarrollo.org\/en\/educacion-rural\/\" class=\"elementor-sub-item menu-link\" tabindex=\"-1\">Educaci\u00f3n Rural<\/a><\/li>\n<\/ul>\n<\/li>\n<li class=\"menu-item menu-item-type-post_type menu-item-object-page menu-item-has-children menu-item-2767\"><a aria-expanded=\"false\" href=\"https:\/\/www.fundacioneducacionydesarrollo.org\/en\/agenda\/\" class=\"elementor-item menu-link\" tabindex=\"-1\">AGENDA<span role=\"application\" class=\"dropdown-menu-toggle ast-header-navigation-arrow\" tabindex=\"0\" aria-expanded=\"false\" aria-label=\"Menu Toggle\" ><\/span><\/a>\n<ul class=\"sub-menu elementor-nav-menu--dropdown\">\n\t<li class=\"menu-item menu-item-type-post_type menu-item-object-page menu-item-18277\"><a href=\"https:\/\/www.fundacioneducacionydesarrollo.org\/en\/blog\/\" class=\"elementor-sub-item menu-link\" tabindex=\"-1\">Blog<\/a><\/li>\n<\/ul>\n<\/li>\n<li class=\"menu-item menu-item-type-post_type menu-item-object-page menu-item-2768\"><a href=\"https:\/\/www.fundacioneducacionydesarrollo.org\/en\/colabora\/contacto\/\" class=\"elementor-item menu-link\" tabindex=\"-1\">CONTACTO<\/a><\/li>\n<\/ul>\t\t\t<\/nav>\n\t\t\t\t\t\t<\/div>\n\t\t\t\t<\/div>\n\t\t\t\t\t<\/div>\n\t\t<\/div>\n\t\t\t\t<div class=\"elementor-column elementor-col-33 elementor-top-column elementor-element elementor-element-3ac0c51\" data-id=\"3ac0c51\" data-element_type=\"column\" data-e-type=\"column\">\n\t\t\t<div class=\"elementor-widget-wrap elementor-element-populated\">\n\t\t\t\t\t\t<div class=\"elementor-element elementor-element-f0c4614 elementor-align-left boton elementor-hidden-mobile_extra elementor-hidden-mobile elementor-invisible elementor-widget elementor-widget-button\" data-id=\"f0c4614\" data-element_type=\"widget\" data-e-type=\"widget\" data-settings=\"{&quot;_animation&quot;:&quot;zoomIn&quot;}\" data-widget_type=\"button.default\">\n\t\t\t\t<div class=\"elementor-widget-container\">\n\t\t\t\t\t\t\t\t\t<div class=\"elementor-button-wrapper\">\n\t\t\t\t\t<a class=\"elementor-button elementor-button-link elementor-size-sm elementor-animation-pulse\" href=\"https:\/\/www.fundacioneducacionydesarrollo.org\/colabora\">\n\t\t\t\t\t\t<span class=\"elementor-button-content-wrapper\">\n\t\t\t\t\t\t\t\t\t<span class=\"elementor-button-text\">COLABORA<\/span>\n\t\t\t\t\t<\/span>\n\t\t\t\t\t<\/a>\n\t\t\t\t<\/div>\n\t\t\t\t\t\t\t\t<\/div>\n\t\t\t\t<\/div>\n\t\t\t\t\t<\/div>\n\t\t<\/div>\n\t\t\t\t\t<\/div>\n\t\t<\/section>\n\t\t\t\t<section class=\"elementor-section elementor-top-section elementor-element elementor-element-5a66810 elementor-section-stretched elementor-hidden-widescreen elementor-hidden-tablet elementor-hidden-desktop elementor-hidden-laptop elementor-hidden-tablet_extra elementor-section-boxed elementor-section-height-default elementor-section-height-default\" data-id=\"5a66810\" data-element_type=\"section\" data-e-type=\"section\" id=\"conociendoelmar\" data-settings=\"{&quot;background_background&quot;:&quot;slideshow&quot;,&quot;stretch_section&quot;:&quot;section-stretched&quot;,&quot;background_slideshow_gallery&quot;:[{&quot;id&quot;:17349,&quot;url&quot;:&quot;https:\\\/\\\/www.fundacioneducacionydesarrollo.org\\\/wp-content\\\/uploads\\\/2025\\\/01\\\/WhatsApp-Image-2025-01-19-at-13.22.01.jpeg&quot;}],&quot;background_slideshow_loop&quot;:&quot;yes&quot;,&quot;background_slideshow_slide_duration&quot;:5000,&quot;background_slideshow_slide_transition&quot;:&quot;fade&quot;,&quot;background_slideshow_transition_duration&quot;:500}\">\n\t\t\t\t\t\t\t<div class=\"elementor-background-overlay\"><\/div>\n\t\t\t\t\t\t\t<div class=\"elementor-container elementor-column-gap-default\">\n\t\t\t\t\t<div class=\"elementor-column elementor-col-50 elementor-top-column elementor-element elementor-element-a05d9e4\" data-id=\"a05d9e4\" data-element_type=\"column\" data-e-type=\"column\">\n\t\t\t<div class=\"elementor-widget-wrap elementor-element-populated\">\n\t\t\t\t\t\t<div class=\"elementor-element elementor-element-84635ef elementor-widget elementor-widget-spacer\" data-id=\"84635ef\" data-element_type=\"widget\" data-e-type=\"widget\" data-widget_type=\"spacer.default\">\n\t\t\t\t<div class=\"elementor-widget-container\">\n\t\t\t\t\t\t\t<div class=\"elementor-spacer\">\n\t\t\t<div class=\"elementor-spacer-inner\"><\/div>\n\t\t<\/div>\n\t\t\t\t\t\t<\/div>\n\t\t\t\t<\/div>\n\t\t\t\t<div class=\"elementor-element elementor-element-6014da8 elementor-widget-laptop__width-initial elementor-widget elementor-widget-theme-post-title elementor-page-title elementor-widget-heading\" data-id=\"6014da8\" data-element_type=\"widget\" data-e-type=\"widget\" data-widget_type=\"theme-post-title.default\">\n\t\t\t\t<div class=\"elementor-widget-container\">\n\t\t\t\t\t<h1 class=\"elementor-heading-title elementor-size-default\">Primera mirada al Mar<\/h1>\t\t\t\t<\/div>\n\t\t\t\t<\/div>\n\t\t\t\t<div class=\"elementor-element elementor-element-c0068c4 elementor-share-buttons--view-icon elementor-share-buttons--color-custom elementor-share-buttons--skin-gradient elementor-share-buttons--shape-square elementor-grid-0 elementor-widget elementor-widget-share-buttons\" data-id=\"c0068c4\" data-element_type=\"widget\" data-e-type=\"widget\" data-widget_type=\"share-buttons.default\">\n\t\t\t\t<div class=\"elementor-widget-container\">\n\t\t\t\t\t\t\t<div class=\"elementor-grid\" role=\"list\">\n\t\t\t\t\t\t\t\t<div class=\"elementor-grid-item\" role=\"listitem\">\n\t\t\t\t\t\t<div class=\"elementor-share-btn elementor-share-btn_facebook\" role=\"button\" tabindex=\"0\" aria-label=\"Share on facebook\">\n\t\t\t\t\t\t\t\t\t\t\t\t\t\t\t<span class=\"elementor-share-btn__icon\">\n\t\t\t\t\t\t\t\t<i class=\"fab fa-facebook\" aria-hidden=\"true\"><\/i>\t\t\t\t\t\t\t<\/span>\n\t\t\t\t\t\t\t\t\t\t\t\t\t\t\t\t\t\t\t\t<\/div>\n\t\t\t\t\t<\/div>\n\t\t\t\t\t\t\t\t\t<div class=\"elementor-grid-item\" role=\"listitem\">\n\t\t\t\t\t\t<div class=\"elementor-share-btn elementor-share-btn_twitter\" role=\"button\" tabindex=\"0\" aria-label=\"Share on twitter\">\n\t\t\t\t\t\t\t\t\t\t\t\t\t\t\t<span class=\"elementor-share-btn__icon\">\n\t\t\t\t\t\t\t\t<i class=\"fab fa-twitter\" aria-hidden=\"true\"><\/i>\t\t\t\t\t\t\t<\/span>\n\t\t\t\t\t\t\t\t\t\t\t\t\t\t\t\t\t\t\t\t<\/div>\n\t\t\t\t\t<\/div>\n\t\t\t\t\t\t\t\t\t<div class=\"elementor-grid-item\" role=\"listitem\">\n\t\t\t\t\t\t<div class=\"elementor-share-btn elementor-share-btn_whatsapp\" role=\"button\" tabindex=\"0\" aria-label=\"Share on whatsapp\">\n\t\t\t\t\t\t\t\t\t\t\t\t\t\t\t<span class=\"elementor-share-btn__icon\">\n\t\t\t\t\t\t\t\t<i class=\"fab fa-whatsapp\" aria-hidden=\"true\"><\/i>\t\t\t\t\t\t\t<\/span>\n\t\t\t\t\t\t\t\t\t\t\t\t\t\t\t\t\t\t\t\t<\/div>\n\t\t\t\t\t<\/div>\n\t\t\t\t\t\t\t\t\t<div class=\"elementor-grid-item\" role=\"listitem\">\n\t\t\t\t\t\t<div class=\"elementor-share-btn elementor-share-btn_email\" role=\"button\" tabindex=\"0\" aria-label=\"Share on email\">\n\t\t\t\t\t\t\t\t\t\t\t\t\t\t\t<span class=\"elementor-share-btn__icon\">\n\t\t\t\t\t\t\t\t<i class=\"fas fa-envelope\" aria-hidden=\"true\"><\/i>\t\t\t\t\t\t\t<\/span>\n\t\t\t\t\t\t\t\t\t\t\t\t\t\t\t\t\t\t\t\t<\/div>\n\t\t\t\t\t<\/div>\n\t\t\t\t\t\t\t\t\t<div class=\"elementor-grid-item\" role=\"listitem\">\n\t\t\t\t\t\t<div class=\"elementor-share-btn elementor-share-btn_telegram\" role=\"button\" tabindex=\"0\" aria-label=\"Share on telegram\">\n\t\t\t\t\t\t\t\t\t\t\t\t\t\t\t<span class=\"elementor-share-btn__icon\">\n\t\t\t\t\t\t\t\t<i class=\"fab fa-telegram\" aria-hidden=\"true\"><\/i>\t\t\t\t\t\t\t<\/span>\n\t\t\t\t\t\t\t\t\t\t\t\t\t\t\t\t\t\t\t\t<\/div>\n\t\t\t\t\t<\/div>\n\t\t\t\t\t\t<\/div>\n\t\t\t\t\t\t<\/div>\n\t\t\t\t<\/div>\n\t\t\t\t<div class=\"elementor-element elementor-element-2adf092 elementor-widget elementor-widget-spacer\" data-id=\"2adf092\" data-element_type=\"widget\" data-e-type=\"widget\" data-widget_type=\"spacer.default\">\n\t\t\t\t<div class=\"elementor-widget-container\">\n\t\t\t\t\t\t\t<div class=\"elementor-spacer\">\n\t\t\t<div class=\"elementor-spacer-inner\"><\/div>\n\t\t<\/div>\n\t\t\t\t\t\t<\/div>\n\t\t\t\t<\/div>\n\t\t\t\t\t<\/div>\n\t\t<\/div>\n\t\t\t\t<div class=\"elementor-column elementor-col-50 elementor-top-column elementor-element elementor-element-215f5b0\" data-id=\"215f5b0\" data-element_type=\"column\" data-e-type=\"column\">\n\t\t\t<div class=\"elementor-widget-wrap\">\n\t\t\t\t\t\t\t<\/div>\n\t\t<\/div>\n\t\t\t\t\t<\/div>\n\t\t<\/section>\n\t\t\t\t<section class=\"elementor-section elementor-top-section elementor-element elementor-element-f95459f elementor-section-stretched elementor-hidden-mobile_extra elementor-hidden-mobile elementor-section-boxed elementor-section-height-default elementor-section-height-default\" data-id=\"f95459f\" data-element_type=\"section\" data-e-type=\"section\" data-settings=\"{&quot;background_background&quot;:&quot;slideshow&quot;,&quot;stretch_section&quot;:&quot;section-stretched&quot;,&quot;background_slideshow_gallery&quot;:[{&quot;id&quot;:17349,&quot;url&quot;:&quot;https:\\\/\\\/www.fundacioneducacionydesarrollo.org\\\/wp-content\\\/uploads\\\/2025\\\/01\\\/WhatsApp-Image-2025-01-19-at-13.22.01.jpeg&quot;}],&quot;background_slideshow_loop&quot;:&quot;yes&quot;,&quot;background_slideshow_slide_duration&quot;:5000,&quot;background_slideshow_slide_transition&quot;:&quot;fade&quot;,&quot;background_slideshow_transition_duration&quot;:500}\">\n\t\t\t\t\t\t\t<div class=\"elementor-background-overlay\"><\/div>\n\t\t\t\t\t\t\t<div class=\"elementor-container elementor-column-gap-default\">\n\t\t\t\t\t<div class=\"elementor-column elementor-col-50 elementor-top-column elementor-element elementor-element-de95e7a\" data-id=\"de95e7a\" data-element_type=\"column\" data-e-type=\"column\">\n\t\t\t<div class=\"elementor-widget-wrap elementor-element-populated\">\n\t\t\t\t\t\t<div class=\"elementor-element elementor-element-853ab14 elementor-widget elementor-widget-spacer\" data-id=\"853ab14\" data-element_type=\"widget\" data-e-type=\"widget\" data-widget_type=\"spacer.default\">\n\t\t\t\t<div class=\"elementor-widget-container\">\n\t\t\t\t\t\t\t<div class=\"elementor-spacer\">\n\t\t\t<div class=\"elementor-spacer-inner\"><\/div>\n\t\t<\/div>\n\t\t\t\t\t\t<\/div>\n\t\t\t\t<\/div>\n\t\t\t\t<div class=\"elementor-element elementor-element-3ae92ec elementor-widget-laptop__width-initial elementor-widget elementor-widget-theme-post-title elementor-page-title elementor-widget-heading\" data-id=\"3ae92ec\" data-element_type=\"widget\" data-e-type=\"widget\" data-widget_type=\"theme-post-title.default\">\n\t\t\t\t<div class=\"elementor-widget-container\">\n\t\t\t\t\t<h1 class=\"elementor-heading-title elementor-size-default\">Primera mirada al Mar<\/h1>\t\t\t\t<\/div>\n\t\t\t\t<\/div>\n\t\t\t\t<div class=\"elementor-element elementor-element-ed63f4a elementor-share-buttons--view-icon elementor-share-buttons--color-custom elementor-share-buttons--skin-gradient elementor-share-buttons--shape-square elementor-grid-0 elementor-widget elementor-widget-share-buttons\" data-id=\"ed63f4a\" data-element_type=\"widget\" data-e-type=\"widget\" data-widget_type=\"share-buttons.default\">\n\t\t\t\t<div class=\"elementor-widget-container\">\n\t\t\t\t\t\t\t<div class=\"elementor-grid\" role=\"list\">\n\t\t\t\t\t\t\t\t<div class=\"elementor-grid-item\" role=\"listitem\">\n\t\t\t\t\t\t<div class=\"elementor-share-btn elementor-share-btn_facebook\" role=\"button\" tabindex=\"0\" aria-label=\"Share on facebook\">\n\t\t\t\t\t\t\t\t\t\t\t\t\t\t\t<span class=\"elementor-share-btn__icon\">\n\t\t\t\t\t\t\t\t<i class=\"fab fa-facebook\" aria-hidden=\"true\"><\/i>\t\t\t\t\t\t\t<\/span>\n\t\t\t\t\t\t\t\t\t\t\t\t\t\t\t\t\t\t\t\t<\/div>\n\t\t\t\t\t<\/div>\n\t\t\t\t\t\t\t\t\t<div class=\"elementor-grid-item\" role=\"listitem\">\n\t\t\t\t\t\t<div class=\"elementor-share-btn elementor-share-btn_twitter\" role=\"button\" tabindex=\"0\" aria-label=\"Share on twitter\">\n\t\t\t\t\t\t\t\t\t\t\t\t\t\t\t<span class=\"elementor-share-btn__icon\">\n\t\t\t\t\t\t\t\t<i class=\"fab fa-twitter\" aria-hidden=\"true\"><\/i>\t\t\t\t\t\t\t<\/span>\n\t\t\t\t\t\t\t\t\t\t\t\t\t\t\t\t\t\t\t\t<\/div>\n\t\t\t\t\t<\/div>\n\t\t\t\t\t\t\t\t\t<div class=\"elementor-grid-item\" role=\"listitem\">\n\t\t\t\t\t\t<div class=\"elementor-share-btn elementor-share-btn_linkedin\" role=\"button\" tabindex=\"0\" aria-label=\"Share on linkedin\">\n\t\t\t\t\t\t\t\t\t\t\t\t\t\t\t<span class=\"elementor-share-btn__icon\">\n\t\t\t\t\t\t\t\t<i class=\"fab fa-linkedin\" aria-hidden=\"true\"><\/i>\t\t\t\t\t\t\t<\/span>\n\t\t\t\t\t\t\t\t\t\t\t\t\t\t\t\t\t\t\t\t<\/div>\n\t\t\t\t\t<\/div>\n\t\t\t\t\t\t\t\t\t<div class=\"elementor-grid-item\" role=\"listitem\">\n\t\t\t\t\t\t<div class=\"elementor-share-btn elementor-share-btn_whatsapp\" role=\"button\" tabindex=\"0\" aria-label=\"Share on whatsapp\">\n\t\t\t\t\t\t\t\t\t\t\t\t\t\t\t<span class=\"elementor-share-btn__icon\">\n\t\t\t\t\t\t\t\t<i class=\"fab fa-whatsapp\" aria-hidden=\"true\"><\/i>\t\t\t\t\t\t\t<\/span>\n\t\t\t\t\t\t\t\t\t\t\t\t\t\t\t\t\t\t\t\t<\/div>\n\t\t\t\t\t<\/div>\n\t\t\t\t\t\t\t\t\t<div class=\"elementor-grid-item\" role=\"listitem\">\n\t\t\t\t\t\t<div class=\"elementor-share-btn elementor-share-btn_email\" role=\"button\" tabindex=\"0\" aria-label=\"Share on email\">\n\t\t\t\t\t\t\t\t\t\t\t\t\t\t\t<span class=\"elementor-share-btn__icon\">\n\t\t\t\t\t\t\t\t<i class=\"fas fa-envelope\" aria-hidden=\"true\"><\/i>\t\t\t\t\t\t\t<\/span>\n\t\t\t\t\t\t\t\t\t\t\t\t\t\t\t\t\t\t\t\t<\/div>\n\t\t\t\t\t<\/div>\n\t\t\t\t\t\t\t\t\t<div class=\"elementor-grid-item\" role=\"listitem\">\n\t\t\t\t\t\t<div class=\"elementor-share-btn elementor-share-btn_telegram\" role=\"button\" tabindex=\"0\" aria-label=\"Share on telegram\">\n\t\t\t\t\t\t\t\t\t\t\t\t\t\t\t<span class=\"elementor-share-btn__icon\">\n\t\t\t\t\t\t\t\t<i class=\"fab fa-telegram\" aria-hidden=\"true\"><\/i>\t\t\t\t\t\t\t<\/span>\n\t\t\t\t\t\t\t\t\t\t\t\t\t\t\t\t\t\t\t\t<\/div>\n\t\t\t\t\t<\/div>\n\t\t\t\t\t\t<\/div>\n\t\t\t\t\t\t<\/div>\n\t\t\t\t<\/div>\n\t\t\t\t\t<\/div>\n\t\t<\/div>\n\t\t\t\t<div class=\"elementor-column elementor-col-50 elementor-top-column elementor-element elementor-element-e662086\" data-id=\"e662086\" data-element_type=\"column\" data-e-type=\"column\">\n\t\t\t<div class=\"elementor-widget-wrap\">\n\t\t\t\t\t\t\t<\/div>\n\t\t<\/div>\n\t\t\t\t\t<\/div>\n\t\t<\/section>\n\t\t\t\t<section class=\"elementor-section elementor-top-section elementor-element elementor-element-ba4e7f1 elementor-section-full_width elementor-section-stretched elementor-section-height-default elementor-section-height-default\" data-id=\"ba4e7f1\" data-element_type=\"section\" data-e-type=\"section\" data-settings=\"{&quot;stretch_section&quot;:&quot;section-stretched&quot;}\">\n\t\t\t\t\t\t<div class=\"elementor-container elementor-column-gap-default\">\n\t\t\t\t\t<div class=\"elementor-column elementor-col-66 elementor-top-column elementor-element elementor-element-c51ed51\" data-id=\"c51ed51\" data-element_type=\"column\" data-e-type=\"column\" data-settings=\"{&quot;background_background&quot;:&quot;classic&quot;}\">\n\t\t\t<div class=\"elementor-widget-wrap elementor-element-populated\">\n\t\t\t\t\t\t<div class=\"elementor-element elementor-element-5277825 elementor-widget elementor-widget-theme-post-excerpt\" data-id=\"5277825\" data-element_type=\"widget\" data-e-type=\"widget\" data-widget_type=\"theme-post-excerpt.default\">\n\t\t\t\t<div class=\"elementor-widget-container\">\n\t\t\t\t\tPrimera mirada al Mar: Ni\u00f1os de la Sierra de Piura conocen el mar de la Costa Peruana.\t\t\t\t<\/div>\n\t\t\t\t<\/div>\n\t\t\t\t<div class=\"elementor-element elementor-element-a9e2e9a elementor-widget elementor-widget-image\" data-id=\"a9e2e9a\" data-element_type=\"widget\" data-e-type=\"widget\" data-widget_type=\"image.default\">\n\t\t\t\t<div class=\"elementor-widget-container\">\n\t\t\t\t\t\t\t\t\t\t\t\t\t\t\t<img decoding=\"async\" width=\"814\" height=\"1024\" src=\"https:\/\/www.fundacioneducacionydesarrollo.org\/wp-content\/uploads\/2024\/10\/20250117135329-814x1024.png\" class=\"attachment-large size-large wp-image-17323\" alt=\"Ni\u00f1os conocen el Mar por primera vez\" srcset=\"https:\/\/www.fundacioneducacionydesarrollo.org\/wp-content\/uploads\/2024\/10\/20250117135329-814x1024.png 814w, https:\/\/www.fundacioneducacionydesarrollo.org\/wp-content\/uploads\/2024\/10\/20250117135329-238x300.png 238w, https:\/\/www.fundacioneducacionydesarrollo.org\/wp-content\/uploads\/2024\/10\/20250117135329-768x967.png 768w, https:\/\/www.fundacioneducacionydesarrollo.org\/wp-content\/uploads\/2024\/10\/20250117135329-1220x1536.png 1220w, https:\/\/www.fundacioneducacionydesarrollo.org\/wp-content\/uploads\/2024\/10\/20250117135329-1627x2048.png 1627w, https:\/\/www.fundacioneducacionydesarrollo.org\/wp-content\/uploads\/2024\/10\/20250117135329-10x12.png 10w\" sizes=\"(max-width: 814px) 100vw, 814px\" \/>\t\t\t\t\t\t\t\t\t\t\t\t\t\t\t<\/div>\n\t\t\t\t<\/div>\n\t\t\t\t<div class=\"elementor-element elementor-element-34090e0 elementor-widget elementor-widget-text-editor\" data-id=\"34090e0\" data-element_type=\"widget\" data-e-type=\"widget\" data-widget_type=\"text-editor.default\">\n\t\t\t\t<div class=\"elementor-widget-container\">\n\t\t\t\t\t\t\t\t\t<p><strong>Piura, Per\u00fa<\/strong> \u2013 Un martes cualquiera del mes de agosto del a\u00f1o 2014 en la caleta La Tortuga se convierte en un d\u00eda inolvidable para Kenyi Javier Gonzales Santur. Este ni\u00f1o de once a\u00f1os, oriundo de la comunidad serrana de Yanchal\u00e1, en Ayabaca, experimenta por primera vez la vastedad del oc\u00e9ano. Acostumbrado a paisajes de cerros y cielos tormentosos, Kenyi contempla ahora una inmensidad que hasta entonces solo hab\u00eda existido en las historias que le narraban los mayores. Acompa\u00f1ado por Sonia Abad, Yarela Yangua y Alex Santur, ni\u00f1os de su misma comunidad, Kenyi pisa por primera vez la arena caliente de la playa. Sus pies, acostumbrados al barro de los caminos andinos, descubren una sensaci\u00f3n completamente nueva. La emoci\u00f3n en sus rostros refleja el impacto de este encuentro con un mundo diferente.<\/p>\t\t\t\t\t\t\t\t<\/div>\n\t\t\t\t<\/div>\n\t\t\t\t<div class=\"elementor-element elementor-element-bb0f55d elementor-widget elementor-widget-text-editor\" data-id=\"bb0f55d\" data-element_type=\"widget\" data-e-type=\"widget\" data-widget_type=\"text-editor.default\">\n\t\t\t\t<div class=\"elementor-widget-container\">\n\t\t\t\t\t\t\t\t\t<p>Este viaje forma parte del proyecto de la <strong>Fundaci\u00f3n Educaci\u00f3n y Desarrollo<\/strong>, que trabaja con las comunidades aleda\u00f1as al complejo arqueol\u00f3gico de Ayabaca, Ayapate, reconocido como Patrimonio Cultural de la Humanidad. Su objetivo es promover el desarrollo local, involucrando a los habitantes en la valorizaci\u00f3n de su herencia cultural. \u201cEl prop\u00f3sito de traer a estos ni\u00f1os al mar es que interact\u00faen con otros de su misma edad, pero de la costa, quienes tampoco conocen la Sierra\u201d, explica el doctor Jos\u00e9 Luis Linaza, catedr\u00e1tico y miembro de la Fundaci\u00f3n. \u201cEs un intercambio cultural que enriquece a ambos lados\u201d.<\/p>\t\t\t\t\t\t\t\t<\/div>\n\t\t\t\t<\/div>\n\t\t\t\t<div class=\"elementor-element elementor-element-5a370da elementor-widget elementor-widget-image\" data-id=\"5a370da\" data-element_type=\"widget\" data-e-type=\"widget\" data-widget_type=\"image.default\">\n\t\t\t\t<div class=\"elementor-widget-container\">\n\t\t\t\t\t\t\t\t\t\t\t\t\t\t\t<img decoding=\"async\" width=\"1024\" height=\"768\" src=\"https:\/\/www.fundacioneducacionydesarrollo.org\/wp-content\/uploads\/2025\/01\/WhatsApp-Image-2025-01-17-at-17.25.24-1024x768.jpeg\" class=\"attachment-large size-large wp-image-17333\" alt=\"Ni\u00f1os que fueron al mar por primera vez\" srcset=\"https:\/\/www.fundacioneducacionydesarrollo.org\/wp-content\/uploads\/2025\/01\/WhatsApp-Image-2025-01-17-at-17.25.24-1024x768.jpeg 1024w, https:\/\/www.fundacioneducacionydesarrollo.org\/wp-content\/uploads\/2025\/01\/WhatsApp-Image-2025-01-17-at-17.25.24-300x225.jpeg 300w, https:\/\/www.fundacioneducacionydesarrollo.org\/wp-content\/uploads\/2025\/01\/WhatsApp-Image-2025-01-17-at-17.25.24-768x576.jpeg 768w, https:\/\/www.fundacioneducacionydesarrollo.org\/wp-content\/uploads\/2025\/01\/WhatsApp-Image-2025-01-17-at-17.25.24-1536x1152.jpeg 1536w, https:\/\/www.fundacioneducacionydesarrollo.org\/wp-content\/uploads\/2025\/01\/WhatsApp-Image-2025-01-17-at-17.25.24-16x12.jpeg 16w, https:\/\/www.fundacioneducacionydesarrollo.org\/wp-content\/uploads\/2025\/01\/WhatsApp-Image-2025-01-17-at-17.25.24.jpeg 1600w\" sizes=\"(max-width: 1024px) 100vw, 1024px\" \/>\t\t\t\t\t\t\t\t\t\t\t\t\t\t\t<\/div>\n\t\t\t\t<\/div>\n\t\t\t\t<div class=\"elementor-element elementor-element-6865612 elementor-widget elementor-widget-text-editor\" data-id=\"6865612\" data-element_type=\"widget\" data-e-type=\"widget\" data-widget_type=\"text-editor.default\">\n\t\t\t\t<div class=\"elementor-widget-container\">\n\t\t\t\t\t\t\t\t\t<ol>\n<li>Foto en la sala del Instituto Cultural Peruano con la presencia del Dr. Jos\u00e9 Luis Linaza Iglesias.&nbsp;<\/li>\n<\/ol>\t\t\t\t\t\t\t\t<\/div>\n\t\t\t\t<\/div>\n\t\t\t\t<div class=\"elementor-element elementor-element-c6aecde elementor-widget elementor-widget-text-editor\" data-id=\"c6aecde\" data-element_type=\"widget\" data-e-type=\"widget\" data-widget_type=\"text-editor.default\">\n\t\t\t\t<div class=\"elementor-widget-container\">\n\t\t\t\t\t\t\t\t\t<p>La Fundaci\u00f3n, adem\u00e1s, ve en el complejo de Ayapate un futuro motor para atraer turismo a la regi\u00f3n de Piura, promoviendo la cultura andina y sus tradiciones. Seg\u00fan Linaza, estas experiencias no solo abren las puertas del aprendizaje para los ni\u00f1os, sino que tambi\u00e9n construyen puentes entre dos mundos que, aunque cercanos, han estado separados por la geograf\u00eda y las circunstancias.\u00a0<span style=\"font-style: inherit; font-weight: inherit;\">El d\u00eda concluye con juegos y risas. Para Kenyi y sus amigos, este no fue un martes cualquiera. Fue el d\u00eda en que la brisa del mar y el sonido de las olas se grabaron en su memoria como un tesoro que llevar\u00e1n de regreso a sus cerros.<\/span><\/p><p class=\"MsoNormal\">\u00a0<\/p>\t\t\t\t\t\t\t\t<\/div>\n\t\t\t\t<\/div>\n\t\t\t\t<div class=\"elementor-element elementor-element-135d177 elementor-widget elementor-widget-text-editor\" data-id=\"135d177\" data-element_type=\"widget\" data-e-type=\"widget\" data-widget_type=\"text-editor.default\">\n\t\t\t\t<div class=\"elementor-widget-container\">\n\t\t\t\t\t\t\t\t\t<p>La Universidad Aut\u00f3noma de Madrid, que colabora estrechamente con la <strong>Fundaci\u00f3n Educaci\u00f3n y Desarrollo<\/strong>, acompa\u00f1\u00f3 a los ni\u00f1os en esta experiencia \u00fanica. El doctor Jos\u00e9 Luis Linaza, investigador espa\u00f1ol de la Universidad, reflexiona sobre lo que observa: \u201cEs sorprendente que, en este rinc\u00f3n del mundo, la gente de la costa y de la sierra no se conozcan ni se mezclen lo suficiente, a pesar de estar separados por solo ocho horas de camino. Es un gran desaf\u00edo y, a la vez, una oportunidad\u201d.<\/p><p>El contraste cultural se siente profundamente. Durante generaciones, los bisabuelos y tatarabuelos de estos ni\u00f1os de la sierra vivieron y murieron sin conocer el mar, sin poder contar historias sobre su monarca Aypate. Ahora, Kenyi y sus compa\u00f1eros tienen la oportunidad de narrar a sus nuevos amigos de La Tortuga las tradiciones, la comida y las costumbres de su comunidad.<\/p>\t\t\t\t\t\t\t\t<\/div>\n\t\t\t\t<\/div>\n\t\t\t\t<div class=\"elementor-element elementor-element-87527b4 elementor-widget elementor-widget-text-editor\" data-id=\"87527b4\" data-element_type=\"widget\" data-e-type=\"widget\" data-widget_type=\"text-editor.default\">\n\t\t\t\t<div class=\"elementor-widget-container\">\n\t\t\t\t\t\t\t\t\t<p>Los peque\u00f1os anfitriones no se quedan atr\u00e1s. Hablan con entusiasmo de la pesca, de las balsillas que navegan las aguas y de las marejadas que moldean sus d\u00edas. Bajo la magia del horizonte, donde la tierra parece encontrarse con el cielo, las historias fluyen y se entrelazan, creando un puente de conocimiento y respeto entre dos mundos.&nbsp;<span style=\"font-style: inherit; font-weight: inherit;\">Esta experiencia no solo impacta a los ni\u00f1os, sino que tambi\u00e9n deja una lecci\u00f3n para los adultos. En cada intercambio, se abre una ventana de entendimiento mutuo, un recordatorio de que las barreras no son insuperables. \u201cEllos dentro de pocos a\u00f1os ser\u00e1n los Garc\u00eda M\u00e1rquez de su pueblo y de esta regi\u00f3n\u201d, pronostica Linaza con una mirada que mezcla esperanza y admiraci\u00f3n. Desde el atardecer en La Tortuga, los ni\u00f1os de Yanchal\u00e1 no solo contemplan el horizonte, sino que tambi\u00e9n comienzan a tejer un puente entre dos culturas que, por siglos, han permanecido separadas.<\/span><\/p>\t\t\t\t\t\t\t\t<\/div>\n\t\t\t\t<\/div>\n\t\t\t\t<div class=\"elementor-element elementor-element-252f872 elementor-widget elementor-widget-text-editor\" data-id=\"252f872\" data-element_type=\"widget\" data-e-type=\"widget\" data-widget_type=\"text-editor.default\">\n\t\t\t\t<div class=\"elementor-widget-container\">\n\t\t\t\t\t\t\t\t\t<p>Para Kenyi y sus amigos, el regreso a Yanchal\u00e1 ser\u00e1 diferente. No solo llevar\u00e1n consigo la experiencia de haber visto el mar por primera vez, sino tambi\u00e9n las voces y las historias de otros ni\u00f1os que, como ellos, est\u00e1n aprendiendo a cruzar las fronteras invisibles que los separan. Para la Fundaci\u00f3n, este es solo el inicio de un esfuerzo continuo por unir a los pueblos hermanos y fortalecer los lazos a trav\u00e9s del juego, el aprendizaje y la cultura compartida.<\/p>\t\t\t\t\t\t\t\t<\/div>\n\t\t\t\t<\/div>\n\t\t\t\t<div class=\"elementor-element elementor-element-7eeef09 elementor-arrows-position-inside elementor-pagination-position-outside elementor-widget elementor-widget-image-carousel\" data-id=\"7eeef09\" data-element_type=\"widget\" data-e-type=\"widget\" data-settings=\"{&quot;slides_to_show&quot;:&quot;1&quot;,&quot;navigation&quot;:&quot;both&quot;,&quot;autoplay&quot;:&quot;yes&quot;,&quot;pause_on_hover&quot;:&quot;yes&quot;,&quot;pause_on_interaction&quot;:&quot;yes&quot;,&quot;autoplay_speed&quot;:5000,&quot;infinite&quot;:&quot;yes&quot;,&quot;effect&quot;:&quot;slide&quot;,&quot;speed&quot;:500}\" data-widget_type=\"image-carousel.default\">\n\t\t\t\t<div class=\"elementor-widget-container\">\n\t\t\t\t\t\t\t<div class=\"elementor-image-carousel-wrapper swiper\" role=\"region\" aria-roledescription=\"carousel\" aria-label=\"Carrusel de im\u00e1genes\" dir=\"ltr\">\n\t\t\t<div class=\"elementor-image-carousel swiper-wrapper\" aria-live=\"off\">\n\t\t\t\t\t\t\t\t<div class=\"swiper-slide\" role=\"group\" aria-roledescription=\"slide\" aria-label=\"1 of 4\"><figure class=\"swiper-slide-inner\"><img decoding=\"async\" class=\"swiper-slide-image\" src=\"https:\/\/www.fundacioneducacionydesarrollo.org\/wp-content\/uploads\/2025\/01\/WhatsApp-Image-2025-01-19-at-14.25.57-768x576.jpeg\" alt=\"WhatsApp Image 2025-01-19 at 14.25.57\" \/><\/figure><\/div><div class=\"swiper-slide\" role=\"group\" aria-roledescription=\"slide\" aria-label=\"2 of 4\"><figure class=\"swiper-slide-inner\"><img decoding=\"async\" class=\"swiper-slide-image\" src=\"https:\/\/www.fundacioneducacionydesarrollo.org\/wp-content\/uploads\/2025\/01\/WhatsApp-Image-2025-01-19-at-13.22.01-3-768x576.jpeg\" alt=\"WhatsApp Image 2025-01-19 at 13.22.01 (3)\" \/><\/figure><\/div><div class=\"swiper-slide\" role=\"group\" aria-roledescription=\"slide\" aria-label=\"3 of 4\"><figure class=\"swiper-slide-inner\"><img decoding=\"async\" class=\"swiper-slide-image\" src=\"https:\/\/www.fundacioneducacionydesarrollo.org\/wp-content\/uploads\/2025\/01\/WhatsApp-Image-2025-01-19-at-13.22.01-1-768x576.jpeg\" alt=\"WhatsApp Image 2025-01-19 at 13.22.01 (1)\" \/><\/figure><\/div><div class=\"swiper-slide\" role=\"group\" aria-roledescription=\"slide\" aria-label=\"4 of 4\"><figure class=\"swiper-slide-inner\"><img decoding=\"async\" class=\"swiper-slide-image\" src=\"https:\/\/www.fundacioneducacionydesarrollo.org\/wp-content\/uploads\/2025\/01\/WhatsApp-Image-2025-01-19-at-13.22.01-2-768x576.jpeg\" alt=\"WhatsApp Image 2025-01-19 at 13.22.01 (2)\" \/><\/figure><\/div>\t\t\t<\/div>\n\t\t\t\t\t\t\t\t\t\t\t\t<div class=\"elementor-swiper-button elementor-swiper-button-prev\" role=\"button\" tabindex=\"0\">\n\t\t\t\t\t\t<i aria-hidden=\"true\" class=\"eicon-chevron-left\"><\/i>\t\t\t\t\t<\/div>\n\t\t\t\t\t<div class=\"elementor-swiper-button elementor-swiper-button-next\" role=\"button\" tabindex=\"0\">\n\t\t\t\t\t\t<i aria-hidden=\"true\" class=\"eicon-chevron-right\"><\/i>\t\t\t\t\t<\/div>\n\t\t\t\t\n\t\t\t\t\t\t\t\t\t<div class=\"swiper-pagination\"><\/div>\n\t\t\t\t\t\t\t\t\t<\/div>\n\t\t\t\t\t\t<\/div>\n\t\t\t\t<\/div>\n\t\t\t\t<div class=\"elementor-element elementor-element-e746086 elementor-widget elementor-widget-text-editor\" data-id=\"e746086\" data-element_type=\"widget\" data-e-type=\"widget\" data-widget_type=\"text-editor.default\">\n\t\t\t\t<div class=\"elementor-widget-container\">\n\t\t\t\t\t\t\t\t\t<ol><li>Primera foto, la psic\u00f3loga voluntaria Maria S\u00e1nchez con dos ni\u00f1os rumbo a Isla Foca. Piura.<\/li><li>Segunda foto, los ni\u00f1os y ni\u00f1as sobre el caballito de totora en Isla Foca y en la Islilla, Piura.\u00a0<\/li><li>Tercera foto, Percy Bayona en la balsilla, en los caballitos de totora, y en la barca rodeando Isla Foca.<\/li><li>Cuarta foto, ni\u00f1os y ni\u00f1as rumbo a Isla Foca acompa\u00f1ados de dos marinos.<\/li><\/ol>\t\t\t\t\t\t\t\t<\/div>\n\t\t\t\t<\/div>\n\t\t\t\t<div class=\"elementor-element elementor-element-6a7c0d1 elementor-widget elementor-widget-heading\" data-id=\"6a7c0d1\" data-element_type=\"widget\" data-e-type=\"widget\" data-widget_type=\"heading.default\">\n\t\t\t\t<div class=\"elementor-widget-container\">\n\t\t\t\t\t<h4 class=\"elementor-heading-title elementor-size-default\">Culturas Diferentes<\/h4>\t\t\t\t<\/div>\n\t\t\t\t<\/div>\n\t\t\t\t<div class=\"elementor-element elementor-element-da8d2da elementor-widget elementor-widget-text-editor\" data-id=\"da8d2da\" data-element_type=\"widget\" data-e-type=\"widget\" data-widget_type=\"text-editor.default\">\n\t\t\t\t<div class=\"elementor-widget-container\">\n\t\t\t\t\t\t\t\t\t<p>Kenyi no quiere irse de la playa. A\u00fan no quiere volver a su vida bajo el techito de calamina al borde de la carretera a Aypate. Ha comido pollo a la brasa, y a\u00fan no quiere reencontrarse con los desayunos de sango con queso, de mote con chancho. Sabe que tiene dos horas para sentir la brisa, ver peces reci\u00e9n atrapados y sentir a un sol gigante quem\u00e1ndole los brazos. Parpadear es una mala idea. Tal vez se pregunte por el resto de su vida por qu\u00e9 su mundo a 1,500 metros de altura lleva siglos sin conocer este mar de oportunidades.<\/p>\t\t\t\t\t\t\t\t<\/div>\n\t\t\t\t<\/div>\n\t\t\t\t<div class=\"elementor-element elementor-element-37d39dc elementor-widget elementor-widget-heading\" data-id=\"37d39dc\" data-element_type=\"widget\" data-e-type=\"widget\" data-widget_type=\"heading.default\">\n\t\t\t\t<div class=\"elementor-widget-container\">\n\t\t\t\t\t<h4 class=\"elementor-heading-title elementor-size-default\">25 Leyendas<\/h4>\t\t\t\t<\/div>\n\t\t\t\t<\/div>\n\t\t\t\t<div class=\"elementor-element elementor-element-2b2ba1b elementor-widget elementor-widget-text-editor\" data-id=\"2b2ba1b\" data-element_type=\"widget\" data-e-type=\"widget\" data-widget_type=\"text-editor.default\">\n\t\t\t\t<div class=\"elementor-widget-container\">\n\t\t\t\t\t\t\t\t\t<p>Seg\u00fan Linaza, poner en valor Aypate y el Camino Inca no ser\u00eda posible sin rescatar, adem\u00e1s de \u201clas piedras\u201d, la riqueza inmaterial: la tradici\u00f3n oral conservada de generaci\u00f3n en generaci\u00f3n. Como los cuentos y leyendas contados por Kenyi y sus amigos que ahora forman parte de un libro de 25 historias. Una edici\u00f3n de mil ejemplares que recoge parte de 265 leyendas rescatadas y compiladas en una publicaci\u00f3n m\u00e1s cient\u00edfica y de mayor difusi\u00f3n.<\/p><p>All\u00ed, Kenyi y decenas de ni\u00f1os ayabaquinos, con ayuda de sus maestros, rese\u00f1an con dibujos y palabras historias sobre piedras, santos, lagunas, aves, puentes, caballos y seres mitol\u00f3gicos. El compilador del libro titulado <em>Leyendas de los Wayakuntus<\/em> es el profesor Wilder Jaramillo Hualpa. Se trata de un instrumento pedag\u00f3gico que documenta con hechos las muchas posibilidades de unos 150 ni\u00f1os para crear y contar, sostuvo el director del Cetpro Ayabaca, Jos\u00e9 Gilberto Granda G\u00e1lvez.<\/p>\t\t\t\t\t\t\t\t<\/div>\n\t\t\t\t<\/div>\n\t\t\t\t<div class=\"elementor-element elementor-element-2d93111 elementor-widget elementor-widget-heading\" data-id=\"2d93111\" data-element_type=\"widget\" data-e-type=\"widget\" data-widget_type=\"heading.default\">\n\t\t\t\t<div class=\"elementor-widget-container\">\n\t\t\t\t\t<h4 class=\"elementor-heading-title elementor-size-default\">Del cerro al desierto<\/h4>\t\t\t\t<\/div>\n\t\t\t\t<\/div>\n\t\t\t\t<div class=\"elementor-element elementor-element-803628e elementor-widget elementor-widget-text-editor\" data-id=\"803628e\" data-element_type=\"widget\" data-e-type=\"widget\" data-widget_type=\"text-editor.default\">\n\t\t\t\t<div class=\"elementor-widget-container\">\n\t\t\t\t\t\t\t\t\t<p>Kenyi ha visto abismos, frutas, postes, edificios y el color p\u00e1lido del desierto. Demasiada informaci\u00f3n en tan poco tiempo. Descendieron muchos pisos ecol\u00f3gicos que luego vieron en maquetas en el museo Vic\u00fas. Y ahora, en La Tortuga, el mar les muestra la amplitud de un mundo a punto de descubrir el suyo, el de niebla, cerros y rel\u00e1mpagos.<\/p><p>\u201cLas olas suenan como los truenos\u201d, rompe su silencio Kenyi. Y reci\u00e9n parpadea.<\/p>\t\t\t\t\t\t\t\t<\/div>\n\t\t\t\t<\/div>\n\t\t\t\t<div class=\"elementor-element elementor-element-5a8916d elementor-arrows-position-inside elementor-pagination-position-outside elementor-widget elementor-widget-image-carousel\" data-id=\"5a8916d\" data-element_type=\"widget\" data-e-type=\"widget\" data-settings=\"{&quot;slides_to_show&quot;:&quot;1&quot;,&quot;navigation&quot;:&quot;both&quot;,&quot;autoplay&quot;:&quot;yes&quot;,&quot;pause_on_hover&quot;:&quot;yes&quot;,&quot;pause_on_interaction&quot;:&quot;yes&quot;,&quot;autoplay_speed&quot;:5000,&quot;infinite&quot;:&quot;yes&quot;,&quot;effect&quot;:&quot;slide&quot;,&quot;speed&quot;:500}\" data-widget_type=\"image-carousel.default\">\n\t\t\t\t<div class=\"elementor-widget-container\">\n\t\t\t\t\t\t\t<div class=\"elementor-image-carousel-wrapper swiper\" role=\"region\" aria-roledescription=\"carousel\" aria-label=\"Carrusel de im\u00e1genes\" dir=\"ltr\">\n\t\t\t<div class=\"elementor-image-carousel swiper-wrapper\" aria-live=\"off\">\n\t\t\t\t\t\t\t\t<div class=\"swiper-slide\" role=\"group\" aria-roledescription=\"slide\" aria-label=\"1 of 3\"><figure class=\"swiper-slide-inner\"><img decoding=\"async\" class=\"swiper-slide-image\" src=\"https:\/\/www.fundacioneducacionydesarrollo.org\/wp-content\/uploads\/2025\/01\/WhatsApp-Image-2025-01-19-at-13.03.16-768x576.jpeg\" alt=\"Ni\u00f1os visitan el muso Vicus por primera vez FED\" \/><\/figure><\/div><div class=\"swiper-slide\" role=\"group\" aria-roledescription=\"slide\" aria-label=\"2 of 3\"><figure class=\"swiper-slide-inner\"><img decoding=\"async\" class=\"swiper-slide-image\" src=\"https:\/\/www.fundacioneducacionydesarrollo.org\/wp-content\/uploads\/2025\/01\/WhatsApp-Image-2025-01-19-at-13.05.50-1-768x576.jpeg\" alt=\"Ni\u00f1os visitan el muso Vicus por primera vez FED Per\u00fa\" \/><\/figure><\/div><div class=\"swiper-slide\" role=\"group\" aria-roledescription=\"slide\" aria-label=\"3 of 3\"><figure class=\"swiper-slide-inner\"><img decoding=\"async\" class=\"swiper-slide-image\" src=\"https:\/\/www.fundacioneducacionydesarrollo.org\/wp-content\/uploads\/2025\/01\/WhatsApp-Image-2025-01-19-at-13.05.50-768x576.jpeg\" alt=\"Ni\u00f1os visitan el muso Vicus por primera vez FED piura\" \/><\/figure><\/div>\t\t\t<\/div>\n\t\t\t\t\t\t\t\t\t\t\t\t<div class=\"elementor-swiper-button elementor-swiper-button-prev\" role=\"button\" tabindex=\"0\">\n\t\t\t\t\t\t<i aria-hidden=\"true\" class=\"eicon-chevron-left\"><\/i>\t\t\t\t\t<\/div>\n\t\t\t\t\t<div class=\"elementor-swiper-button elementor-swiper-button-next\" role=\"button\" tabindex=\"0\">\n\t\t\t\t\t\t<i aria-hidden=\"true\" class=\"eicon-chevron-right\"><\/i>\t\t\t\t\t<\/div>\n\t\t\t\t\n\t\t\t\t\t\t\t\t\t<div class=\"swiper-pagination\"><\/div>\n\t\t\t\t\t\t\t\t\t<\/div>\n\t\t\t\t\t\t<\/div>\n\t\t\t\t<\/div>\n\t\t\t\t<div class=\"elementor-element elementor-element-7199c0c elementor-widget elementor-widget-text-editor\" data-id=\"7199c0c\" data-element_type=\"widget\" data-e-type=\"widget\" data-widget_type=\"text-editor.default\">\n\t\t\t\t<div class=\"elementor-widget-container\">\n\t\t\t\t\t\t\t\t\t<ol><li>Fotos en la Sala acorazada del Museo Vic\u00fas de Piura.<\/li><\/ol>\t\t\t\t\t\t\t\t<\/div>\n\t\t\t\t<\/div>\n\t\t\t\t<div class=\"elementor-element elementor-element-9744ce2 elementor-position-inline-start elementor-view-default elementor-mobile-position-block-start elementor-widget elementor-widget-icon-box\" data-id=\"9744ce2\" data-element_type=\"widget\" data-e-type=\"widget\" data-widget_type=\"icon-box.default\">\n\t\t\t\t<div class=\"elementor-widget-container\">\n\t\t\t\t\t\t\t<div class=\"elementor-icon-box-wrapper\">\n\n\t\t\t\t\t\t<div class=\"elementor-icon-box-icon\">\n\t\t\t\t<a href=\"https:\/\/www.fundacioneducacionydesarrollo.org\/wp-content\/uploads\/2025\/01\/20250117135329-Copy.pdf\" target=\"_blank\" class=\"elementor-icon\" tabindex=\"-1\" aria-label=\"Descarga el articulo original\">\n\t\t\t\t<i aria-hidden=\"true\" class=\"fas fa-file-pdf\"><\/i>\t\t\t\t<\/a>\n\t\t\t<\/div>\n\t\t\t\n\t\t\t\t\t\t<div class=\"elementor-icon-box-content\">\n\n\t\t\t\t\t\t\t\t\t<h3 class=\"elementor-icon-box-title\">\n\t\t\t\t\t\t<a href=\"https:\/\/www.fundacioneducacionydesarrollo.org\/wp-content\/uploads\/2025\/01\/20250117135329-Copy.pdf\" target=\"_blank\" >\n\t\t\t\t\t\t\tDescarga el articulo original\t\t\t\t\t\t<\/a>\n\t\t\t\t\t<\/h3>\n\t\t\t\t\n\t\t\t\t\n\t\t\t<\/div>\n\t\t\t\n\t\t<\/div>\n\t\t\t\t\t\t<\/div>\n\t\t\t\t<\/div>\n\t\t\t\t<div class=\"elementor-element elementor-element-575076d elementor-widget elementor-widget-author-box\" data-id=\"575076d\" data-element_type=\"widget\" data-e-type=\"widget\" data-widget_type=\"author-box.default\">\n\t\t\t\t<div class=\"elementor-widget-container\">\n\t\t\t\t\t\t\t<div class=\"elementor-author-box\">\n\t\t\t\n\t\t\t<div class=\"elementor-author-box__text\">\n\t\t\t\t\t\t\t\t\t<div >\n\t\t\t\t\t\t<h4 class=\"elementor-author-box__name\">\n\t\t\t\t\t\t\tFundaci\u00f3n Educaci\u00f3n y Desarrollo\t\t\t\t\t\t<\/h4>\n\t\t\t\t\t<\/div>\n\t\t\t\t\n\t\t\t\t\n\t\t\t\t\t\t\t<\/div>\n\t\t<\/div>\n\t\t\t\t\t\t<\/div>\n\t\t\t\t<\/div>\n\t\t\t\t\t<\/div>\n\t\t<\/div>\n\t\t\t\t<div class=\"elementor-column elementor-col-33 elementor-top-column elementor-element elementor-element-2eb7f16 elementor-hidden-mobile_extra elementor-hidden-mobile\" data-id=\"2eb7f16\" data-element_type=\"column\" data-e-type=\"column\">\n\t\t\t<div class=\"elementor-widget-wrap elementor-element-populated\">\n\t\t\t\t\t\t<div class=\"elementor-element elementor-element-7fa0a60 elementor-search-form--skin-classic elementor-search-form--button-type-icon elementor-search-form--icon-search elementor-widget elementor-widget-search-form\" data-id=\"7fa0a60\" data-element_type=\"widget\" data-e-type=\"widget\" data-settings=\"{&quot;skin&quot;:&quot;classic&quot;}\" data-widget_type=\"search-form.default\">\n\t\t\t\t<div class=\"elementor-widget-container\">\n\t\t\t\t\t\t\t<search role=\"search\">\n\t\t\t<form class=\"elementor-search-form\" action=\"https:\/\/www.fundacioneducacionydesarrollo.org\/en\" method=\"get\">\n\t\t\t\t\t\t\t\t\t\t\t\t<div class=\"elementor-search-form__container\">\n\t\t\t\t\t<label class=\"elementor-screen-only\" for=\"elementor-search-form-7fa0a60\">Search<\/label>\n\n\t\t\t\t\t\n\t\t\t\t\t<input id=\"elementor-search-form-7fa0a60\" placeholder=\"Buscar...\" class=\"elementor-search-form__input\" type=\"search\" name=\"s\" value=\"\">\n\t\t\t\t\t\n\t\t\t\t\t\t\t\t\t\t\t<button class=\"elementor-search-form__submit\" type=\"submit\" aria-label=\"Search\">\n\t\t\t\t\t\t\t\t\t\t\t\t\t\t\t<i aria-hidden=\"true\" class=\"fas fa-search\"><\/i>\t\t\t\t\t\t\t\t\t\t\t\t\t<\/button>\n\t\t\t\t\t\n\t\t\t\t\t\t\t\t\t<\/div>\n\t\t\t<\/form>\n\t\t<\/search>\n\t\t\t\t\t\t<\/div>\n\t\t\t\t<\/div>\n\t\t\t\t<div class=\"elementor-element elementor-element-c5d17b2 elementor-widget elementor-widget-heading\" data-id=\"c5d17b2\" data-element_type=\"widget\" data-e-type=\"widget\" data-widget_type=\"heading.default\">\n\t\t\t\t<div class=\"elementor-widget-container\">\n\t\t\t\t\t<h4 class=\"elementor-heading-title elementor-size-default\">Quienes Somos<\/h4>\t\t\t\t<\/div>\n\t\t\t\t<\/div>\n\t\t\t\t<div class=\"elementor-element elementor-element-47fc3df elementor-widget elementor-widget-text-editor\" data-id=\"47fc3df\" data-element_type=\"widget\" data-e-type=\"widget\" data-widget_type=\"text-editor.default\">\n\t\t\t\t<div class=\"elementor-widget-container\">\n\t\t\t\t\t\t\t\t\t<p>Somos una instituci\u00f3n sin \u00e1nimo de lucro, que defiende el derecho al juego de la infancia. Llevamos 30 a\u00f1os generando y sosteniendo espacios y tiempos en los que se respeta el juego y el protagonismo l\u00fadico de la infancia. Reivindicamos espacios de juego al aire libre y promovemos una educaci\u00f3n ambiental que permita disfrutar y cuidar la naturaleza.<\/p>\t\t\t\t\t\t\t\t<\/div>\n\t\t\t\t<\/div>\n\t\t\t\t<div class=\"elementor-element elementor-element-8d9ccc1 elementor-shape-square elementor-grid-0 elementor-widget elementor-widget-social-icons\" data-id=\"8d9ccc1\" data-element_type=\"widget\" data-e-type=\"widget\" data-widget_type=\"social-icons.default\">\n\t\t\t\t<div class=\"elementor-widget-container\">\n\t\t\t\t\t\t\t<div class=\"elementor-social-icons-wrapper elementor-grid\" role=\"list\">\n\t\t\t\t\t\t\t<span class=\"elementor-grid-item\" role=\"listitem\">\n\t\t\t\t\t<a class=\"elementor-icon elementor-social-icon elementor-social-icon-facebook-f elementor-repeater-item-0d1bf11\" href=\"https:\/\/www.facebook.com\/Fedlima2018\" target=\"_blank\">\n\t\t\t\t\t\t<span class=\"elementor-screen-only\">Facebook-f<\/span>\n\t\t\t\t\t\t<i aria-hidden=\"true\" class=\"fab fa-facebook-f\"><\/i>\t\t\t\t\t<\/a>\n\t\t\t\t<\/span>\n\t\t\t\t\t\t\t<span class=\"elementor-grid-item\" role=\"listitem\">\n\t\t\t\t\t<a class=\"elementor-icon elementor-social-icon elementor-social-icon-x-twitter elementor-repeater-item-ae20f37\" href=\"https:\/\/x.com\/feducaydesarrol\" target=\"_blank\">\n\t\t\t\t\t\t<span class=\"elementor-screen-only\">X-twitter<\/span>\n\t\t\t\t\t\t<i aria-hidden=\"true\" class=\"fab fa-x-twitter\"><\/i>\t\t\t\t\t<\/a>\n\t\t\t\t<\/span>\n\t\t\t\t\t\t\t<span class=\"elementor-grid-item\" role=\"listitem\">\n\t\t\t\t\t<a class=\"elementor-icon elementor-social-icon elementor-social-icon-youtube elementor-repeater-item-24858d7\" href=\"https:\/\/www.youtube.com\/channel\/UCMVtVMkZAYjDVMQ2EOwLFQw\" target=\"_blank\">\n\t\t\t\t\t\t<span class=\"elementor-screen-only\">Youtube<\/span>\n\t\t\t\t\t\t<i aria-hidden=\"true\" class=\"fab fa-youtube\"><\/i>\t\t\t\t\t<\/a>\n\t\t\t\t<\/span>\n\t\t\t\t\t\t\t<span class=\"elementor-grid-item\" role=\"listitem\">\n\t\t\t\t\t<a class=\"elementor-icon elementor-social-icon elementor-social-icon-instagram elementor-repeater-item-bce7a8f\" href=\"https:\/\/www.instagram.com\/fundeducacionydesarrollo\/?utm_medium=copy_link\" target=\"_blank\">\n\t\t\t\t\t\t<span class=\"elementor-screen-only\">Instagram<\/span>\n\t\t\t\t\t\t<i aria-hidden=\"true\" class=\"fab fa-instagram\"><\/i>\t\t\t\t\t<\/a>\n\t\t\t\t<\/span>\n\t\t\t\t\t<\/div>\n\t\t\t\t\t\t<\/div>\n\t\t\t\t<\/div>\n\t\t\t\t<div class=\"elementor-element elementor-element-941a46b elementor-widget elementor-widget-heading\" data-id=\"941a46b\" data-element_type=\"widget\" data-e-type=\"widget\" data-widget_type=\"heading.default\">\n\t\t\t\t<div class=\"elementor-widget-container\">\n\t\t\t\t\t<h4 class=\"elementor-heading-title elementor-size-default\">Otras Noticias<\/h4>\t\t\t\t<\/div>\n\t\t\t\t<\/div>\n\t\t\t\t<div class=\"elementor-element elementor-element-2a44066 elementor-grid-1 elementor-posts--thumbnail-left elementor-grid-tablet-2 elementor-grid-mobile-1 elementor-widget elementor-widget-posts\" data-id=\"2a44066\" data-element_type=\"widget\" data-e-type=\"widget\" data-settings=\"{&quot;classic_columns&quot;:&quot;1&quot;,&quot;classic_row_gap&quot;:{&quot;unit&quot;:&quot;px&quot;,&quot;size&quot;:20,&quot;sizes&quot;:[]},&quot;classic_columns_tablet&quot;:&quot;2&quot;,&quot;classic_columns_mobile&quot;:&quot;1&quot;,&quot;classic_row_gap_widescreen&quot;:{&quot;unit&quot;:&quot;px&quot;,&quot;size&quot;:&quot;&quot;,&quot;sizes&quot;:[]},&quot;classic_row_gap_laptop&quot;:{&quot;unit&quot;:&quot;px&quot;,&quot;size&quot;:&quot;&quot;,&quot;sizes&quot;:[]},&quot;classic_row_gap_tablet_extra&quot;:{&quot;unit&quot;:&quot;px&quot;,&quot;size&quot;:&quot;&quot;,&quot;sizes&quot;:[]},&quot;classic_row_gap_tablet&quot;:{&quot;unit&quot;:&quot;px&quot;,&quot;size&quot;:&quot;&quot;,&quot;sizes&quot;:[]},&quot;classic_row_gap_mobile_extra&quot;:{&quot;unit&quot;:&quot;px&quot;,&quot;size&quot;:&quot;&quot;,&quot;sizes&quot;:[]},&quot;classic_row_gap_mobile&quot;:{&quot;unit&quot;:&quot;px&quot;,&quot;size&quot;:&quot;&quot;,&quot;sizes&quot;:[]}}\" data-widget_type=\"posts.classic\">\n\t\t\t\t<div class=\"elementor-widget-container\">\n\t\t\t\t\t\t\t<div class=\"elementor-posts-container elementor-posts elementor-posts--skin-classic elementor-grid\" role=\"list\">\n\t\t\t\t<article class=\"elementor-post elementor-grid-item post-18238 post type-post status-publish format-standard has-post-thumbnail hentry category-cultura\" role=\"listitem\">\n\t\t\t\t<a class=\"elementor-post__thumbnail__link\" href=\"https:\/\/www.fundacioneducacionydesarrollo.org\/en\/31-2\/\" tabindex=\"-1\" >\n\t\t\t<div class=\"elementor-post__thumbnail\"><img loading=\"lazy\" decoding=\"async\" width=\"300\" height=\"222\" src=\"https:\/\/www.fundacioneducacionydesarrollo.org\/wp-content\/uploads\/2025\/08\/WhatsApp-Image-2025-08-20-at-12.38.12-300x222.jpeg\" class=\"attachment-medium size-medium wp-image-18243\" alt=\"Fundaci\u00f3n Educaci\u00f3n y Desarrollo 31 aniversario\" srcset=\"https:\/\/www.fundacioneducacionydesarrollo.org\/wp-content\/uploads\/2025\/08\/WhatsApp-Image-2025-08-20-at-12.38.12-300x222.jpeg 300w, https:\/\/www.fundacioneducacionydesarrollo.org\/wp-content\/uploads\/2025\/08\/WhatsApp-Image-2025-08-20-at-12.38.12-1024x759.jpeg 1024w, https:\/\/www.fundacioneducacionydesarrollo.org\/wp-content\/uploads\/2025\/08\/WhatsApp-Image-2025-08-20-at-12.38.12-768x569.jpeg 768w, https:\/\/www.fundacioneducacionydesarrollo.org\/wp-content\/uploads\/2025\/08\/WhatsApp-Image-2025-08-20-at-12.38.12-1536x1139.jpeg 1536w, https:\/\/www.fundacioneducacionydesarrollo.org\/wp-content\/uploads\/2025\/08\/WhatsApp-Image-2025-08-20-at-12.38.12-2048x1518.jpeg 2048w, https:\/\/www.fundacioneducacionydesarrollo.org\/wp-content\/uploads\/2025\/08\/WhatsApp-Image-2025-08-20-at-12.38.12-16x12.jpeg 16w\" sizes=\"(max-width: 300px) 100vw, 300px\" \/><\/div>\n\t\t<\/a>\n\t\t\t\t<div class=\"elementor-post__text\">\n\t\t\t\t<h3 class=\"elementor-post__title\">\n\t\t\t<a href=\"https:\/\/www.fundacioneducacionydesarrollo.org\/en\/31-2\/\" >\n\t\t\t\t31 A\u00f1os de Compromiso Social con la Infancia\t\t\t<\/a>\n\t\t<\/h3>\n\t\t\n\t\t<a class=\"elementor-post__read-more\" href=\"https:\/\/www.fundacioneducacionydesarrollo.org\/en\/31-2\/\" aria-label=\"Read more about 31 A\u00f1os de Compromiso Social con la Infancia\" tabindex=\"-1\" >\n\t\t\tRead More \u00bb\t\t<\/a>\n\n\t\t\t\t<\/div>\n\t\t\t\t<\/article>\n\t\t\t\t<article class=\"elementor-post elementor-grid-item post-17406 post type-post status-publish format-standard has-post-thumbnail hentry category-cultura category-infantil\" role=\"listitem\">\n\t\t\t\t<a class=\"elementor-post__thumbnail__link\" href=\"https:\/\/www.fundacioneducacionydesarrollo.org\/en\/celebramos-el-ano-nuevo-chino\/\" tabindex=\"-1\" >\n\t\t\t<div class=\"elementor-post__thumbnail\"><img loading=\"lazy\" decoding=\"async\" width=\"300\" height=\"200\" src=\"https:\/\/www.fundacioneducacionydesarrollo.org\/wp-content\/uploads\/2025\/02\/WhatsApp-Image-2025-02-05-at-18.59.09-300x200.jpeg\" class=\"attachment-medium size-medium wp-image-17436\" alt=\"A\u00f1o Nuevo Chino\" srcset=\"https:\/\/www.fundacioneducacionydesarrollo.org\/wp-content\/uploads\/2025\/02\/WhatsApp-Image-2025-02-05-at-18.59.09-300x200.jpeg 300w, https:\/\/www.fundacioneducacionydesarrollo.org\/wp-content\/uploads\/2025\/02\/WhatsApp-Image-2025-02-05-at-18.59.09-1024x682.jpeg 1024w, https:\/\/www.fundacioneducacionydesarrollo.org\/wp-content\/uploads\/2025\/02\/WhatsApp-Image-2025-02-05-at-18.59.09-768x512.jpeg 768w, https:\/\/www.fundacioneducacionydesarrollo.org\/wp-content\/uploads\/2025\/02\/WhatsApp-Image-2025-02-05-at-18.59.09-1536x1023.jpeg 1536w, https:\/\/www.fundacioneducacionydesarrollo.org\/wp-content\/uploads\/2025\/02\/WhatsApp-Image-2025-02-05-at-18.59.09-18x12.jpeg 18w, https:\/\/www.fundacioneducacionydesarrollo.org\/wp-content\/uploads\/2025\/02\/WhatsApp-Image-2025-02-05-at-18.59.09.jpeg 1600w\" sizes=\"(max-width: 300px) 100vw, 300px\" \/><\/div>\n\t\t<\/a>\n\t\t\t\t<div class=\"elementor-post__text\">\n\t\t\t\t<h3 class=\"elementor-post__title\">\n\t\t\t<a href=\"https:\/\/www.fundacioneducacionydesarrollo.org\/en\/celebramos-el-ano-nuevo-chino\/\" >\n\t\t\t\tCelebramos el A\u00f1o Nuevo Chino\t\t\t<\/a>\n\t\t<\/h3>\n\t\t\n\t\t<a class=\"elementor-post__read-more\" href=\"https:\/\/www.fundacioneducacionydesarrollo.org\/en\/celebramos-el-ano-nuevo-chino\/\" aria-label=\"Read more about Celebramos el A\u00f1o Nuevo Chino\" tabindex=\"-1\" >\n\t\t\tRead More \u00bb\t\t<\/a>\n\n\t\t\t\t<\/div>\n\t\t\t\t<\/article>\n\t\t\t\t<article class=\"elementor-post elementor-grid-item post-17120 post type-post status-publish format-standard has-post-thumbnail hentry category-juego\" role=\"listitem\">\n\t\t\t\t<a class=\"elementor-post__thumbnail__link\" href=\"https:\/\/www.fundacioneducacionydesarrollo.org\/en\/jugando-en-el-cole\/\" tabindex=\"-1\" >\n\t\t\t<div class=\"elementor-post__thumbnail\"><img loading=\"lazy\" decoding=\"async\" width=\"300\" height=\"169\" src=\"https:\/\/www.fundacioneducacionydesarrollo.org\/wp-content\/uploads\/2024\/05\/WhatsApp-Image-2024-05-18-at-2.48.12-AM-e1716584084323-300x169.jpeg\" class=\"attachment-medium size-medium wp-image-15379\" alt=\"\" srcset=\"https:\/\/www.fundacioneducacionydesarrollo.org\/wp-content\/uploads\/2024\/05\/WhatsApp-Image-2024-05-18-at-2.48.12-AM-e1716584084323-300x169.jpeg 300w, https:\/\/www.fundacioneducacionydesarrollo.org\/wp-content\/uploads\/2024\/05\/WhatsApp-Image-2024-05-18-at-2.48.12-AM-e1716584084323-1024x576.jpeg 1024w, https:\/\/www.fundacioneducacionydesarrollo.org\/wp-content\/uploads\/2024\/05\/WhatsApp-Image-2024-05-18-at-2.48.12-AM-e1716584084323-768x432.jpeg 768w, https:\/\/www.fundacioneducacionydesarrollo.org\/wp-content\/uploads\/2024\/05\/WhatsApp-Image-2024-05-18-at-2.48.12-AM-e1716584084323-1536x864.jpeg 1536w, https:\/\/www.fundacioneducacionydesarrollo.org\/wp-content\/uploads\/2024\/05\/WhatsApp-Image-2024-05-18-at-2.48.12-AM-e1716584084323-18x10.jpeg 18w, https:\/\/www.fundacioneducacionydesarrollo.org\/wp-content\/uploads\/2024\/05\/WhatsApp-Image-2024-05-18-at-2.48.12-AM-e1716584084323.jpeg 1599w\" sizes=\"(max-width: 300px) 100vw, 300px\" \/><\/div>\n\t\t<\/a>\n\t\t\t\t<div class=\"elementor-post__text\">\n\t\t\t\t<h3 class=\"elementor-post__title\">\n\t\t\t<a href=\"https:\/\/www.fundacioneducacionydesarrollo.org\/en\/jugando-en-el-cole\/\" >\n\t\t\t\tLudotecas escolares y su impacto en la convivencia entre estudiantes\t\t\t<\/a>\n\t\t<\/h3>\n\t\t\n\t\t<a class=\"elementor-post__read-more\" href=\"https:\/\/www.fundacioneducacionydesarrollo.org\/en\/jugando-en-el-cole\/\" aria-label=\"Read more about Ludotecas escolares y su impacto en la convivencia entre estudiantes\" tabindex=\"-1\" >\n\t\t\tRead More \u00bb\t\t<\/a>\n\n\t\t\t\t<\/div>\n\t\t\t\t<\/article>\n\t\t\t\t<\/div>\n\t\t\n\t\t\t\t\t\t<\/div>\n\t\t\t\t<\/div>\n\t\t\t\t<div class=\"elementor-element elementor-element-ce6172e elementor-widget elementor-widget-heading\" data-id=\"ce6172e\" data-element_type=\"widget\" data-e-type=\"widget\" data-widget_type=\"heading.default\">\n\t\t\t\t<div class=\"elementor-widget-container\">\n\t\t\t\t\t<h4 class=\"elementor-heading-title elementor-size-default\">P\u00e1gina de Facebook <\/h4>\t\t\t\t<\/div>\n\t\t\t\t<\/div>\n\t\t\t\t<div class=\"elementor-element elementor-element-db2b2c7 elementor-widget elementor-widget-facebook-page\" data-id=\"db2b2c7\" data-element_type=\"widget\" data-e-type=\"widget\" data-widget_type=\"facebook-page.default\">\n\t\t\t\t<div class=\"elementor-widget-container\">\n\t\t\t\t\t<div class=\"elementor-facebook-widget fb-page\" data-href=\"https:\/\/www.facebook.com\/Fedlima2018\" data-tabs=\"\" data-height=\"220px\" data-width=\"500px\" data-small-header=\"false\" data-hide-cover=\"false\" data-show-facepile=\"true\" data-hide-cta=\"false\" style=\"min-height: 1px;height:220px\"><\/div>\t\t\t\t<\/div>\n\t\t\t\t<\/div>\n\t\t\t\t<div class=\"elementor-element elementor-element-8714f52 elementor-widget elementor-widget-heading\" data-id=\"8714f52\" data-element_type=\"widget\" data-e-type=\"widget\" data-widget_type=\"heading.default\">\n\t\t\t\t<div class=\"elementor-widget-container\">\n\t\t\t\t\t<h4 class=\"elementor-heading-title elementor-size-default\">FED NOTICIAS<\/h4>\t\t\t\t<\/div>\n\t\t\t\t<\/div>\n\t\t\t\t<div class=\"elementor-element elementor-element-d7293b1 elementor-widget elementor-widget-video\" data-id=\"d7293b1\" data-element_type=\"widget\" data-e-type=\"widget\" data-settings=\"{&quot;youtube_url&quot;:&quot;https:\\\/\\\/www.youtube.com\\\/watch?v=uvdDGTt6gPY&amp;t=309s&quot;,&quot;video_type&quot;:&quot;youtube&quot;,&quot;controls&quot;:&quot;yes&quot;}\" data-widget_type=\"video.default\">\n\t\t\t\t<div class=\"elementor-widget-container\">\n\t\t\t\t\t\t\t<div class=\"elementor-wrapper elementor-open-inline\">\n\t\t\t<div class=\"elementor-video\"><\/div>\t\t<\/div>\n\t\t\t\t\t\t<\/div>\n\t\t\t\t<\/div>\n\t\t\t\t<div class=\"elementor-element elementor-element-757e6a4 elementor-widget elementor-widget-video\" data-id=\"757e6a4\" data-element_type=\"widget\" data-e-type=\"widget\" data-settings=\"{&quot;youtube_url&quot;:&quot;https:\\\/\\\/www.youtube.com\\\/watch?v=BrSSGxkkoo8&amp;t=923s&quot;,&quot;video_type&quot;:&quot;youtube&quot;,&quot;controls&quot;:&quot;yes&quot;}\" data-widget_type=\"video.default\">\n\t\t\t\t<div class=\"elementor-widget-container\">\n\t\t\t\t\t\t\t<div class=\"elementor-wrapper elementor-open-inline\">\n\t\t\t<div class=\"elementor-video\"><\/div>\t\t<\/div>\n\t\t\t\t\t\t<\/div>\n\t\t\t\t<\/div>\n\t\t\t\t\t<\/div>\n\t\t<\/div>\n\t\t\t\t\t<\/div>\n\t\t<\/section>\n\t\t\t\t<footer class=\"elementor-section elementor-top-section elementor-element elementor-element-4bb7943 elementor-section-height-min-height elementor-section-items-bottom elementor-section-stretched elementor-hidden-mobile_extra elementor-hidden-mobile elementor-section-boxed elementor-section-height-default\" data-id=\"4bb7943\" data-element_type=\"section\" data-e-type=\"section\" data-settings=\"{&quot;background_background&quot;:&quot;classic&quot;,&quot;shape_divider_top&quot;:&quot;book&quot;,&quot;stretch_section&quot;:&quot;section-stretched&quot;,&quot;shape_divider_top_negative&quot;:&quot;yes&quot;}\">\n\t\t\t\t\t\t\t<div class=\"elementor-background-overlay\"><\/div>\n\t\t\t\t\t\t<div class=\"elementor-shape elementor-shape-top\" aria-hidden=\"true\" data-negative=\"true\">\n\t\t\t<svg xmlns=\"http:\/\/www.w3.org\/2000\/svg\" viewBox=\"0 0 1000 100\" preserveAspectRatio=\"none\">\n\t<path class=\"elementor-shape-fill\" d=\"M806,94.7C619.5,90,500,20.3,500,1.7c-1,18.6-117.5,88.3-306,93C92,97.2,0,97.9,0,97.9v-0l0,0v2.3h1000v-2.3 C1000,97.7,920.3,97.6,806,94.7z M350,65.1L350,65.1L350,65.1L350,65.1z\"\/>\n<\/svg>\n\t\t<\/div>\n\t\t\t\t\t<div class=\"elementor-container elementor-column-gap-default\">\n\t\t\t\t\t<div class=\"elementor-column elementor-col-33 elementor-top-column elementor-element elementor-element-4d4f6b2\" data-id=\"4d4f6b2\" data-element_type=\"column\" data-e-type=\"column\">\n\t\t\t<div class=\"elementor-widget-wrap elementor-element-populated\">\n\t\t\t\t\t\t<div class=\"elementor-element elementor-element-b918ed7 elementor-widget elementor-widget-spacer\" data-id=\"b918ed7\" data-element_type=\"widget\" data-e-type=\"widget\" data-widget_type=\"spacer.default\">\n\t\t\t\t<div class=\"elementor-widget-container\">\n\t\t\t\t\t\t\t<div class=\"elementor-spacer\">\n\t\t\t<div class=\"elementor-spacer-inner\"><\/div>\n\t\t<\/div>\n\t\t\t\t\t\t<\/div>\n\t\t\t\t<\/div>\n\t\t\t\t<div class=\"elementor-element elementor-element-6325db2 elementor-widget elementor-widget-spacer\" data-id=\"6325db2\" data-element_type=\"widget\" data-e-type=\"widget\" data-widget_type=\"spacer.default\">\n\t\t\t\t<div class=\"elementor-widget-container\">\n\t\t\t\t\t\t\t<div class=\"elementor-spacer\">\n\t\t\t<div class=\"elementor-spacer-inner\"><\/div>\n\t\t<\/div>\n\t\t\t\t\t\t<\/div>\n\t\t\t\t<\/div>\n\t\t\t\t<div class=\"elementor-element elementor-element-16cbc39 elementor-invisible elementor-widget elementor-widget-image\" data-id=\"16cbc39\" data-element_type=\"widget\" data-e-type=\"widget\" data-settings=\"{&quot;_animation&quot;:&quot;fadeIn&quot;}\" data-widget_type=\"image.default\">\n\t\t\t\t<div class=\"elementor-widget-container\">\n\t\t\t\t\t\t\t\t\t\t\t\t\t\t\t\t<a href=\"http:\/\/www.fundacioneducacionydesarrollo.org\/\">\n\t\t\t\t\t\t\t<img loading=\"lazy\" decoding=\"async\" width=\"1712\" height=\"1121\" src=\"https:\/\/www.fundacioneducacionydesarrollo.org\/wp-content\/uploads\/2023\/12\/Logo-blanco-original-FED.png\" class=\"elementor-animation-pulse attachment-full size-full wp-image-14808\" alt=\"Logo Fundaci\u00f3n Educaci\u00f3n y Desarrollo\" srcset=\"https:\/\/www.fundacioneducacionydesarrollo.org\/wp-content\/uploads\/2023\/12\/Logo-blanco-original-FED.png 1712w, https:\/\/www.fundacioneducacionydesarrollo.org\/wp-content\/uploads\/2023\/12\/Logo-blanco-original-FED-300x196.png 300w, https:\/\/www.fundacioneducacionydesarrollo.org\/wp-content\/uploads\/2023\/12\/Logo-blanco-original-FED-1024x671.png 1024w, https:\/\/www.fundacioneducacionydesarrollo.org\/wp-content\/uploads\/2023\/12\/Logo-blanco-original-FED-768x503.png 768w, https:\/\/www.fundacioneducacionydesarrollo.org\/wp-content\/uploads\/2023\/12\/Logo-blanco-original-FED-1536x1006.png 1536w, https:\/\/www.fundacioneducacionydesarrollo.org\/wp-content\/uploads\/2023\/12\/Logo-blanco-original-FED-18x12.png 18w\" sizes=\"(max-width: 1712px) 100vw, 1712px\" \/>\t\t\t\t\t\t\t\t<\/a>\n\t\t\t\t\t\t\t\t\t\t\t\t\t\t\t<\/div>\n\t\t\t\t<\/div>\n\t\t\t\t<div class=\"elementor-element elementor-element-011274e e-grid-align-mobile-left elementor-shape-rounded elementor-grid-0 e-grid-align-center elementor-widget elementor-widget-social-icons\" data-id=\"011274e\" data-element_type=\"widget\" data-e-type=\"widget\" data-widget_type=\"social-icons.default\">\n\t\t\t\t<div class=\"elementor-widget-container\">\n\t\t\t\t\t\t\t<div class=\"elementor-social-icons-wrapper elementor-grid\" role=\"list\">\n\t\t\t\t\t\t\t<span class=\"elementor-grid-item\" role=\"listitem\">\n\t\t\t\t\t<a class=\"elementor-icon elementor-social-icon elementor-social-icon-instagram elementor-repeater-item-0e260c9\" href=\"https:\/\/instagram.com\/fundeducacionydesarrollo?utm_medium=copy_link\" target=\"_blank\">\n\t\t\t\t\t\t<span class=\"elementor-screen-only\">Instagram<\/span>\n\t\t\t\t\t\t<i aria-hidden=\"true\" class=\"fab fa-instagram\"><\/i>\t\t\t\t\t<\/a>\n\t\t\t\t<\/span>\n\t\t\t\t\t\t\t<span class=\"elementor-grid-item\" role=\"listitem\">\n\t\t\t\t\t<a class=\"elementor-icon elementor-social-icon elementor-social-icon-youtube elementor-repeater-item-dbaeb71\" href=\"https:\/\/www.youtube.com\/channel\/UCMVtVMkZAYjDVMQ2EOwLFQw\" target=\"_blank\">\n\t\t\t\t\t\t<span class=\"elementor-screen-only\">Youtube<\/span>\n\t\t\t\t\t\t<i aria-hidden=\"true\" class=\"fab fa-youtube\"><\/i>\t\t\t\t\t<\/a>\n\t\t\t\t<\/span>\n\t\t\t\t\t\t\t<span class=\"elementor-grid-item\" role=\"listitem\">\n\t\t\t\t\t<a class=\"elementor-icon elementor-social-icon elementor-social-icon-envelope elementor-repeater-item-d2d5c50\" href=\"mailto:Fundacioneducacionydesarrollo@gmail.com\" target=\"_blank\">\n\t\t\t\t\t\t<span class=\"elementor-screen-only\">Envelope<\/span>\n\t\t\t\t\t\t<i aria-hidden=\"true\" class=\"fas fa-envelope\"><\/i>\t\t\t\t\t<\/a>\n\t\t\t\t<\/span>\n\t\t\t\t\t\t\t<span class=\"elementor-grid-item\" role=\"listitem\">\n\t\t\t\t\t<a class=\"elementor-icon elementor-social-icon elementor-social-icon-facebook elementor-repeater-item-0267196\" href=\"https:\/\/www.facebook.com\/feducaydesarrol\/\" target=\"_blank\">\n\t\t\t\t\t\t<span class=\"elementor-screen-only\">Facebook<\/span>\n\t\t\t\t\t\t<i aria-hidden=\"true\" class=\"fab fa-facebook\"><\/i>\t\t\t\t\t<\/a>\n\t\t\t\t<\/span>\n\t\t\t\t\t\t\t<span class=\"elementor-grid-item\" role=\"listitem\">\n\t\t\t\t\t<a class=\"elementor-icon elementor-social-icon elementor-social-icon-twitter elementor-repeater-item-dc10550\" href=\"https:\/\/twitter.com\/feducaydesarrol\" target=\"_blank\">\n\t\t\t\t\t\t<span class=\"elementor-screen-only\">Twitter<\/span>\n\t\t\t\t\t\t<i aria-hidden=\"true\" class=\"fab fa-twitter\"><\/i>\t\t\t\t\t<\/a>\n\t\t\t\t<\/span>\n\t\t\t\t\t<\/div>\n\t\t\t\t\t\t<\/div>\n\t\t\t\t<\/div>\n\t\t\t\t\t<\/div>\n\t\t<\/div>\n\t\t\t\t<div class=\"elementor-column elementor-col-33 elementor-top-column elementor-element elementor-element-b7979b4\" data-id=\"b7979b4\" data-element_type=\"column\" data-e-type=\"column\">\n\t\t\t<div class=\"elementor-widget-wrap elementor-element-populated\">\n\t\t\t\t\t\t<div class=\"elementor-element elementor-element-12ed874 elementor-widget elementor-widget-heading\" data-id=\"12ed874\" data-element_type=\"widget\" data-e-type=\"widget\" data-widget_type=\"heading.default\">\n\t\t\t\t<div class=\"elementor-widget-container\">\n\t\t\t\t\t<h4 class=\"elementor-heading-title elementor-size-default\">Con\u00f3cenos M\u00e1s<\/h4>\t\t\t\t<\/div>\n\t\t\t\t<\/div>\n\t\t\t\t<section class=\"elementor-section elementor-inner-section elementor-element elementor-element-9a51467 elementor-section-boxed elementor-section-height-default elementor-section-height-default\" data-id=\"9a51467\" data-element_type=\"section\" data-e-type=\"section\">\n\t\t\t\t\t\t<div class=\"elementor-container elementor-column-gap-no\">\n\t\t\t\t\t<div class=\"elementor-column elementor-col-50 elementor-inner-column elementor-element elementor-element-22e7055\" data-id=\"22e7055\" data-element_type=\"column\" data-e-type=\"column\">\n\t\t\t<div class=\"elementor-widget-wrap elementor-element-populated\">\n\t\t\t\t\t\t<div class=\"elementor-element elementor-element-110ba95 elementor-align-start elementor-icon-list--layout-traditional elementor-list-item-link-full_width elementor-widget elementor-widget-icon-list\" data-id=\"110ba95\" data-element_type=\"widget\" data-e-type=\"widget\" data-widget_type=\"icon-list.default\">\n\t\t\t\t<div class=\"elementor-widget-container\">\n\t\t\t\t\t\t\t<ul class=\"elementor-icon-list-items\">\n\t\t\t\t\t\t\t<li class=\"elementor-icon-list-item\">\n\t\t\t\t\t\t\t\t\t\t\t<a href=\"http:\/\/www.fundacioneducacionydesarrollo.org\/patronato\/\">\n\n\t\t\t\t\t\t\t\t\t\t\t\t<span class=\"elementor-icon-list-icon\">\n\t\t\t\t\t\t\t<i aria-hidden=\"true\" class=\"fas fa-caret-right\"><\/i>\t\t\t\t\t\t<\/span>\n\t\t\t\t\t\t\t\t\t\t<span class=\"elementor-icon-list-text\">Patronato<\/span>\n\t\t\t\t\t\t\t\t\t\t\t<\/a>\n\t\t\t\t\t\t\t\t\t<\/li>\n\t\t\t\t\t\t\t\t<li class=\"elementor-icon-list-item\">\n\t\t\t\t\t\t\t\t\t\t\t<a href=\"https:\/\/www.fundacioneducacionydesarrollo.org\/elecciones-2023\/\">\n\n\t\t\t\t\t\t\t\t\t\t\t\t<span class=\"elementor-icon-list-icon\">\n\t\t\t\t\t\t\t<i aria-hidden=\"true\" class=\"fas fa-caret-right\"><\/i>\t\t\t\t\t\t<\/span>\n\t\t\t\t\t\t\t\t\t\t<span class=\"elementor-icon-list-text\">Elecciones 2023<\/span>\n\t\t\t\t\t\t\t\t\t\t\t<\/a>\n\t\t\t\t\t\t\t\t\t<\/li>\n\t\t\t\t\t\t\t\t<li class=\"elementor-icon-list-item\">\n\t\t\t\t\t\t\t\t\t\t\t<a href=\"https:\/\/www.fundacioneducacionydesarrollo.org\/memorias\/\">\n\n\t\t\t\t\t\t\t\t\t\t\t\t<span class=\"elementor-icon-list-icon\">\n\t\t\t\t\t\t\t<i aria-hidden=\"true\" class=\"fas fa-caret-right\"><\/i>\t\t\t\t\t\t<\/span>\n\t\t\t\t\t\t\t\t\t\t<span class=\"elementor-icon-list-text\">Memorias<\/span>\n\t\t\t\t\t\t\t\t\t\t\t<\/a>\n\t\t\t\t\t\t\t\t\t<\/li>\n\t\t\t\t\t\t\t\t<li class=\"elementor-icon-list-item\">\n\t\t\t\t\t\t\t\t\t\t\t<a href=\"http:\/\/www.fundacioneducacionydesarrollo.org\/pintura\/\">\n\n\t\t\t\t\t\t\t\t\t\t\t\t<span class=\"elementor-icon-list-icon\">\n\t\t\t\t\t\t\t<i aria-hidden=\"true\" class=\"fas fa-caret-right\"><\/i>\t\t\t\t\t\t<\/span>\n\t\t\t\t\t\t\t\t\t\t<span class=\"elementor-icon-list-text\">Galer\u00eda de Pinturas<\/span>\n\t\t\t\t\t\t\t\t\t\t\t<\/a>\n\t\t\t\t\t\t\t\t\t<\/li>\n\t\t\t\t\t\t<\/ul>\n\t\t\t\t\t\t<\/div>\n\t\t\t\t<\/div>\n\t\t\t\t\t<\/div>\n\t\t<\/div>\n\t\t\t\t<div class=\"elementor-column elementor-col-50 elementor-inner-column elementor-element elementor-element-fedb4b9\" data-id=\"fedb4b9\" data-element_type=\"column\" data-e-type=\"column\">\n\t\t\t<div class=\"elementor-widget-wrap elementor-element-populated\">\n\t\t\t\t\t\t<div class=\"elementor-element elementor-element-26d0739 elementor-align-start elementor-icon-list--layout-traditional elementor-list-item-link-full_width elementor-widget elementor-widget-icon-list\" data-id=\"26d0739\" data-element_type=\"widget\" data-e-type=\"widget\" data-widget_type=\"icon-list.default\">\n\t\t\t\t<div class=\"elementor-widget-container\">\n\t\t\t\t\t\t\t<ul class=\"elementor-icon-list-items\">\n\t\t\t\t\t\t\t<li class=\"elementor-icon-list-item\">\n\t\t\t\t\t\t\t\t\t\t\t<a href=\"https:\/\/www.fundacioneducacionydesarrollo.org\/hazte-socio\/\">\n\n\t\t\t\t\t\t\t\t\t\t\t\t<span class=\"elementor-icon-list-icon\">\n\t\t\t\t\t\t\t<i aria-hidden=\"true\" class=\"fas fa-caret-right\"><\/i>\t\t\t\t\t\t<\/span>\n\t\t\t\t\t\t\t\t\t\t<span class=\"elementor-icon-list-text\">Hazte Socio\/a<\/span>\n\t\t\t\t\t\t\t\t\t\t\t<\/a>\n\t\t\t\t\t\t\t\t\t<\/li>\n\t\t\t\t\t\t\t\t<li class=\"elementor-icon-list-item\">\n\t\t\t\t\t\t\t\t\t\t\t<a href=\"https:\/\/www.fundacioneducacionydesarrollo.org\/inicio\/quienes-somos\/#cuentas\">\n\n\t\t\t\t\t\t\t\t\t\t\t\t<span class=\"elementor-icon-list-icon\">\n\t\t\t\t\t\t\t<i aria-hidden=\"true\" class=\"fas fa-caret-right\"><\/i>\t\t\t\t\t\t<\/span>\n\t\t\t\t\t\t\t\t\t\t<span class=\"elementor-icon-list-text\">Cuentas FED<\/span>\n\t\t\t\t\t\t\t\t\t\t\t<\/a>\n\t\t\t\t\t\t\t\t\t<\/li>\n\t\t\t\t\t\t\t\t<li class=\"elementor-icon-list-item\">\n\t\t\t\t\t\t\t\t\t\t\t<a href=\"https:\/\/www.fundacioneducacionydesarrollo.org\/campana-un-juguete-una-ilusion-2019\/\">\n\n\t\t\t\t\t\t\t\t\t\t\t\t<span class=\"elementor-icon-list-icon\">\n\t\t\t\t\t\t\t<i aria-hidden=\"true\" class=\"fas fa-caret-right\"><\/i>\t\t\t\t\t\t<\/span>\n\t\t\t\t\t\t\t\t\t\t<span class=\"elementor-icon-list-text\">Un Juguete una Ilusi\u00f3n<\/span>\n\t\t\t\t\t\t\t\t\t\t\t<\/a>\n\t\t\t\t\t\t\t\t\t<\/li>\n\t\t\t\t\t\t\t\t<li class=\"elementor-icon-list-item\">\n\t\t\t\t\t\t\t\t\t\t\t<a href=\"http:\/\/www.fundacioneducacionydesarrollo.org\/28a-conferencia-mundial-del-iccp-10-12-de-junio-de-2020-madrid-espana\/\">\n\n\t\t\t\t\t\t\t\t\t\t\t\t<span class=\"elementor-icon-list-icon\">\n\t\t\t\t\t\t\t<i aria-hidden=\"true\" class=\"fas fa-caret-right\"><\/i>\t\t\t\t\t\t<\/span>\n\t\t\t\t\t\t\t\t\t\t<span class=\"elementor-icon-list-text\">Conferencia mundial del Juego<\/span>\n\t\t\t\t\t\t\t\t\t\t\t<\/a>\n\t\t\t\t\t\t\t\t\t<\/li>\n\t\t\t\t\t\t<\/ul>\n\t\t\t\t\t\t<\/div>\n\t\t\t\t<\/div>\n\t\t\t\t\t<\/div>\n\t\t<\/div>\n\t\t\t\t\t<\/div>\n\t\t<\/section>\n\t\t\t\t\t<\/div>\n\t\t<\/div>\n\t\t\t\t<div class=\"elementor-column elementor-col-33 elementor-top-column elementor-element elementor-element-1cbfc38\" data-id=\"1cbfc38\" data-element_type=\"column\" data-e-type=\"column\">\n\t\t\t<div class=\"elementor-widget-wrap elementor-element-populated\">\n\t\t\t\t\t\t<div class=\"elementor-element elementor-element-65f92eb elementor-widget elementor-widget-heading\" data-id=\"65f92eb\" data-element_type=\"widget\" data-e-type=\"widget\" data-widget_type=\"heading.default\">\n\t\t\t\t<div class=\"elementor-widget-container\">\n\t\t\t\t\t<h4 class=\"elementor-heading-title elementor-size-default\">Adquiere el Libro<\/h4>\t\t\t\t<\/div>\n\t\t\t\t<\/div>\n\t\t\t\t<div class=\"elementor-element elementor-element-d21b035 elementor-widget elementor-widget-image\" data-id=\"d21b035\" data-element_type=\"widget\" data-e-type=\"widget\" data-widget_type=\"image.default\">\n\t\t\t\t<div class=\"elementor-widget-container\">\n\t\t\t\t\t\t\t\t\t\t\t\t\t\t\t<img loading=\"lazy\" decoding=\"async\" width=\"1536\" height=\"1280\" src=\"https:\/\/www.fundacioneducacionydesarrollo.org\/wp-content\/uploads\/2022\/02\/abejasinfondo-1536x1280.png\" class=\"attachment-1536x1536 size-1536x1536 wp-image-15237\" alt=\"\" \/>\t\t\t\t\t\t\t\t\t\t\t\t\t\t\t<\/div>\n\t\t\t\t<\/div>\n\t\t\t\t<div class=\"elementor-element elementor-element-b6d80c0 elementor-widget elementor-widget-text-editor\" data-id=\"b6d80c0\" data-element_type=\"widget\" data-e-type=\"widget\" data-widget_type=\"text-editor.default\">\n\t\t\t\t<div class=\"elementor-widget-container\">\n\t\t\t\t\t\t\t\t\t<p>Por la compra del libro est\u00e1s donando el 5% a nuestra Fundaci\u00f3n, colaborando con el proyecto ludotecas.<\/p>\t\t\t\t\t\t\t\t<\/div>\n\t\t\t\t<\/div>\n\t\t\t\t<div class=\"elementor-element elementor-element-4e37125 elementor-align-left elementor-widget elementor-widget-button\" data-id=\"4e37125\" data-element_type=\"widget\" data-e-type=\"widget\" data-widget_type=\"button.default\">\n\t\t\t\t<div class=\"elementor-widget-container\">\n\t\t\t\t\t\t\t\t\t<div class=\"elementor-button-wrapper\">\n\t\t\t\t\t<a class=\"elementor-button elementor-button-link elementor-size-sm\" href=\"https:\/\/amzn.eu\/d\/6ByARqK\">\n\t\t\t\t\t\t<span class=\"elementor-button-content-wrapper\">\n\t\t\t\t\t\t\t\t\t<span class=\"elementor-button-text\">\u00a1Comprar aqu\u00ed!<\/span>\n\t\t\t\t\t<\/span>\n\t\t\t\t\t<\/a>\n\t\t\t\t<\/div>\n\t\t\t\t\t\t\t\t<\/div>\n\t\t\t\t<\/div>\n\t\t\t\t\t<\/div>\n\t\t<\/div>\n\t\t\t\t\t<\/div>\n\t\t<\/footer>\n\t\t\t\t<footer class=\"elementor-section elementor-top-section elementor-element elementor-element-6bed7e6 elementor-section-height-min-height elementor-section-content-middle elementor-section-stretched elementor-hidden-tablet elementor-hidden-mobile elementor-section-boxed elementor-section-height-default elementor-section-items-middle\" data-id=\"6bed7e6\" data-element_type=\"section\" data-e-type=\"section\" data-settings=\"{&quot;background_background&quot;:&quot;classic&quot;,&quot;stretch_section&quot;:&quot;section-stretched&quot;}\">\n\t\t\t\t\t\t<div class=\"elementor-container elementor-column-gap-default\">\n\t\t\t\t\t<div class=\"elementor-column elementor-col-50 elementor-top-column elementor-element elementor-element-84c406d\" data-id=\"84c406d\" data-element_type=\"column\" data-e-type=\"column\">\n\t\t\t<div class=\"elementor-widget-wrap elementor-element-populated\">\n\t\t\t\t\t\t<div class=\"elementor-element elementor-element-2bac6b8 elementor-widget elementor-widget-heading\" data-id=\"2bac6b8\" data-element_type=\"widget\" data-e-type=\"widget\" data-widget_type=\"heading.default\">\n\t\t\t\t<div class=\"elementor-widget-container\">\n\t\t\t\t\t<p class=\"elementor-heading-title elementor-size-default\">\u00a9 Copyright  2022 | Fundaci\u00f3n Educaci\u00f3n y Desarrollo<\/p>\t\t\t\t<\/div>\n\t\t\t\t<\/div>\n\t\t\t\t\t<\/div>\n\t\t<\/div>\n\t\t\t\t<div class=\"elementor-column elementor-col-50 elementor-top-column elementor-element elementor-element-f29c46b\" data-id=\"f29c46b\" data-element_type=\"column\" data-e-type=\"column\">\n\t\t\t<div class=\"elementor-widget-wrap elementor-element-populated\">\n\t\t\t\t\t\t<div class=\"elementor-element elementor-element-d865f40 elementor-align-left elementor-tablet-align-right elementor-invisible elementor-widget elementor-widget-button\" data-id=\"d865f40\" data-element_type=\"widget\" data-e-type=\"widget\" data-settings=\"{&quot;_animation&quot;:&quot;fadeIn&quot;}\" data-widget_type=\"button.default\">\n\t\t\t\t<div class=\"elementor-widget-container\">\n\t\t\t\t\t\t\t\t\t<div class=\"elementor-button-wrapper\">\n\t\t\t\t\t<a class=\"elementor-button elementor-button-link elementor-size-xs\" href=\"https:\/\/www.fundacioneducacionydesarrollo.org\/1ra-exposicion-de-juguetes-ecologicos-fed-2024\/#reciclados\" id=\"primera\">\n\t\t\t\t\t\t<span class=\"elementor-button-content-wrapper\">\n\t\t\t\t\t\t<span class=\"elementor-button-icon\">\n\t\t\t\t<i aria-hidden=\"true\" class=\"fas fa-angle-double-up\"><\/i>\t\t\t<\/span>\n\t\t\t\t\t\t\t\t<\/span>\n\t\t\t\t\t<\/a>\n\t\t\t\t<\/div>\n\t\t\t\t\t\t\t\t<\/div>\n\t\t\t\t<\/div>\n\t\t\t\t\t<\/div>\n\t\t<\/div>\n\t\t\t\t\t<\/div>\n\t\t<\/footer>\n\t\t\t\t<section class=\"elementor-section elementor-top-section elementor-element elementor-element-857d6fe elementor-section-stretched elementor-hidden-widescreen elementor-hidden-desktop elementor-hidden-laptop elementor-hidden-tablet_extra elementor-hidden-tablet elementor-section-boxed elementor-section-height-default elementor-section-height-default\" data-id=\"857d6fe\" data-element_type=\"section\" data-e-type=\"section\" data-settings=\"{&quot;stretch_section&quot;:&quot;section-stretched&quot;,&quot;background_background&quot;:&quot;classic&quot;,&quot;shape_divider_top&quot;:&quot;wave-brush&quot;}\">\n\t\t\t\t\t<div class=\"elementor-shape elementor-shape-top\" aria-hidden=\"true\" data-negative=\"false\">\n\t\t\t<svg xmlns=\"http:\/\/www.w3.org\/2000\/svg\" viewBox=\"0 0 283.5 27.8\" preserveAspectRatio=\"none\">\n\t<path class=\"elementor-shape-fill\" d=\"M283.5,9.7c0,0-7.3,4.3-14,4.6c-6.8,0.3-12.6,0-20.9-1.5c-11.3-2-33.1-10.1-44.7-5.7\ts-12.1,4.6-18,7.4c-6.6,3.2-20,9.6-36.6,9.3C131.6,23.5,99.5,7.2,86.3,8c-1.4,0.1-6.6,0.8-10.5,2c-3.8,1.2-9.4,3.8-17,4.7\tc-3.2,0.4-8.3,1.1-14.2,0.9c-1.5-0.1-6.3-0.4-12-1.6c-5.7-1.2-11-3.1-15.8-3.7C6.5,9.2,0,10.8,0,10.8V0h283.5V9.7z M260.8,11.3\tc-0.7-1-2-0.4-4.3-0.4c-2.3,0-6.1-1.2-5.8-1.1c0.3,0.1,3.1,1.5,6,1.9C259.7,12.2,261.4,12.3,260.8,11.3z M242.4,8.6\tc0,0-2.4-0.2-5.6-0.9c-3.2-0.8-10.3-2.8-15.1-3.5c-8.2-1.1-15.8,0-15.1,0.1c0.8,0.1,9.6-0.6,17.6,1.1c3.3,0.7,9.3,2.2,12.4,2.7\tC239.9,8.7,242.4,8.6,242.4,8.6z M185.2,8.5c1.7-0.7-13.3,4.7-18.5,6.1c-2.1,0.6-6.2,1.6-10,2c-3.9,0.4-8.9,0.4-8.8,0.5\tc0,0.2,5.8,0.8,11.2,0c5.4-0.8,5.2-1.1,7.6-1.6C170.5,14.7,183.5,9.2,185.2,8.5z M199.1,6.9c0.2,0-0.8-0.4-4.8,1.1\tc-4,1.5-6.7,3.5-6.9,3.7c-0.2,0.1,3.5-1.8,6.6-3C197,7.5,199,6.9,199.1,6.9z M283,6c-0.1,0.1-1.9,1.1-4.8,2.5s-6.9,2.8-6.7,2.7\tc0.2,0,3.5-0.6,7.4-2.5C282.8,6.8,283.1,5.9,283,6z M31.3,11.6c0.1-0.2-1.9-0.2-4.5-1.2s-5.4-1.6-7.8-2C15,7.6,7.3,8.5,7.7,8.6\tC8,8.7,15.9,8.3,20.2,9.3c2.2,0.5,2.4,0.5,5.7,1.6S31.2,11.9,31.3,11.6z M73,9.2c0.4-0.1,3.5-1.6,8.4-2.6c4.9-1.1,8.9-0.5,8.9-0.8\tc0-0.3-1-0.9-6.2-0.3S72.6,9.3,73,9.2z M71.6,6.7C71.8,6.8,75,5.4,77.3,5c2.3-0.3,1.9-0.5,1.9-0.6c0-0.1-1.1-0.2-2.7,0.2\tC74.8,5.1,71.4,6.6,71.6,6.7z M93.6,4.4c0.1,0.2,3.5,0.8,5.6,1.8c2.1,1,1.8,0.6,1.9,0.5c0.1-0.1-0.8-0.8-2.4-1.3\tC97.1,4.8,93.5,4.2,93.6,4.4z M65.4,11.1c-0.1,0.3,0.3,0.5,1.9-0.2s2.6-1.3,2.2-1.2s-0.9,0.4-2.5,0.8C65.3,10.9,65.5,10.8,65.4,11.1\tz M34.5,12.4c-0.2,0,2.1,0.8,3.3,0.9c1.2,0.1,2,0.1,2-0.2c0-0.3-0.1-0.5-1.6-0.4C36.6,12.8,34.7,12.4,34.5,12.4z M152.2,21.1\tc-0.1,0.1-2.4-0.3-7.5-0.3c-5,0-13.6-2.4-17.2-3.5c-3.6-1.1,10,3.9,16.5,4.1C150.5,21.6,152.3,21,152.2,21.1z\"\/>\n\t<path class=\"elementor-shape-fill\" d=\"M269.6,18c-0.1-0.1-4.6,0.3-7.2,0c-7.3-0.7-17-3.2-16.6-2.9c0.4,0.3,13.7,3.1,17,3.3\tC267.7,18.8,269.7,18,269.6,18z\"\/>\n\t<path class=\"elementor-shape-fill\" d=\"M227.4,9.8c-0.2-0.1-4.5-1-9.5-1.2c-5-0.2-12.7,0.6-12.3,0.5c0.3-0.1,5.9-1.8,13.3-1.2\tS227.6,9.9,227.4,9.8z\"\/>\n\t<path class=\"elementor-shape-fill\" d=\"M204.5,13.4c-0.1-0.1,2-1,3.2-1.1c1.2-0.1,2,0,2,0.3c0,0.3-0.1,0.5-1.6,0.4\tC206.4,12.9,204.6,13.5,204.5,13.4z\"\/>\n\t<path class=\"elementor-shape-fill\" d=\"M201,10.6c0-0.1-4.4,1.2-6.3,2.2c-1.9,0.9-6.2,3.1-6.1,3.1c0.1,0.1,4.2-1.6,6.3-2.6\tS201,10.7,201,10.6z\"\/>\n\t<path class=\"elementor-shape-fill\" d=\"M154.5,26.7c-0.1-0.1-4.6,0.3-7.2,0c-7.3-0.7-17-3.2-16.6-2.9c0.4,0.3,13.7,3.1,17,3.3\tC152.6,27.5,154.6,26.8,154.5,26.7z\"\/>\n\t<path class=\"elementor-shape-fill\" d=\"M41.9,19.3c0,0,1.2-0.3,2.9-0.1c1.7,0.2,5.8,0.9,8.2,0.7c4.2-0.4,7.4-2.7,7-2.6\tc-0.4,0-4.3,2.2-8.6,1.9c-1.8-0.1-5.1-0.5-6.7-0.4S41.9,19.3,41.9,19.3z\"\/>\n\t<path class=\"elementor-shape-fill\" d=\"M75.5,12.6c0.2,0.1,2-0.8,4.3-1.1c2.3-0.2,2.1-0.3,2.1-0.5c0-0.1-1.8-0.4-3.4,0\tC76.9,11.5,75.3,12.5,75.5,12.6z\"\/>\n\t<path class=\"elementor-shape-fill\" d=\"M15.6,13.2c0-0.1,4.3,0,6.7,0.5c2.4,0.5,5,1.9,5,2c0,0.1-2.7-0.8-5.1-1.4\tC19.9,13.7,15.7,13.3,15.6,13.2z\"\/>\n<\/svg>\t\t<\/div>\n\t\t\t\t\t<div class=\"elementor-container elementor-column-gap-default\">\n\t\t\t\t\t<div class=\"elementor-column elementor-col-100 elementor-top-column elementor-element elementor-element-9023d03\" data-id=\"9023d03\" data-element_type=\"column\" data-e-type=\"column\">\n\t\t\t<div class=\"elementor-widget-wrap elementor-element-populated\">\n\t\t\t\t\t\t<div class=\"elementor-element elementor-element-5759ce8 elementor-widget elementor-widget-spacer\" data-id=\"5759ce8\" data-element_type=\"widget\" data-e-type=\"widget\" data-widget_type=\"spacer.default\">\n\t\t\t\t<div class=\"elementor-widget-container\">\n\t\t\t\t\t\t\t<div class=\"elementor-spacer\">\n\t\t\t<div class=\"elementor-spacer-inner\"><\/div>\n\t\t<\/div>\n\t\t\t\t\t\t<\/div>\n\t\t\t\t<\/div>\n\t\t\t\t<div class=\"elementor-element elementor-element-7772716 elementor-hidden-widescreen elementor-hidden-desktop elementor-hidden-laptop elementor-hidden-tablet_extra elementor-hidden-tablet elementor-widget elementor-widget-spacer\" data-id=\"7772716\" data-element_type=\"widget\" data-e-type=\"widget\" data-widget_type=\"spacer.default\">\n\t\t\t\t<div class=\"elementor-widget-container\">\n\t\t\t\t\t\t\t<div class=\"elementor-spacer\">\n\t\t\t<div class=\"elementor-spacer-inner\"><\/div>\n\t\t<\/div>\n\t\t\t\t\t\t<\/div>\n\t\t\t\t<\/div>\n\t\t\t\t<div class=\"elementor-element elementor-element-92a9ed6 elementor-widget elementor-widget-image\" data-id=\"92a9ed6\" data-element_type=\"widget\" data-e-type=\"widget\" data-widget_type=\"image.default\">\n\t\t\t\t<div class=\"elementor-widget-container\">\n\t\t\t\t\t\t\t\t\t\t\t\t\t\t\t<img loading=\"lazy\" decoding=\"async\" width=\"500\" height=\"500\" src=\"https:\/\/www.fundacioneducacionydesarrollo.org\/wp-content\/uploads\/2022\/03\/blanco-1.png\" class=\"attachment-large size-large wp-image-8975\" alt=\"Logo FED\" srcset=\"https:\/\/www.fundacioneducacionydesarrollo.org\/wp-content\/uploads\/2022\/03\/blanco-1.png 500w, https:\/\/www.fundacioneducacionydesarrollo.org\/wp-content\/uploads\/2022\/03\/blanco-1-300x300.png 300w, https:\/\/www.fundacioneducacionydesarrollo.org\/wp-content\/uploads\/2022\/03\/blanco-1-150x150.png 150w, https:\/\/www.fundacioneducacionydesarrollo.org\/wp-content\/uploads\/2022\/03\/blanco-1-12x12.png 12w\" sizes=\"(max-width: 500px) 100vw, 500px\" \/>\t\t\t\t\t\t\t\t\t\t\t\t\t\t\t<\/div>\n\t\t\t\t<\/div>\n\t\t\t\t<div class=\"elementor-element elementor-element-a02eee8 elementor-widget elementor-widget-heading\" data-id=\"a02eee8\" data-element_type=\"widget\" data-e-type=\"widget\" data-widget_type=\"heading.default\">\n\t\t\t\t<div class=\"elementor-widget-container\">\n\t\t\t\t\t<h2 class=\"elementor-heading-title elementor-size-default\">Con\u00f3cenos:<\/h2>\t\t\t\t<\/div>\n\t\t\t\t<\/div>\n\t\t\t\t<div class=\"elementor-element elementor-element-52db64c elementor-widget elementor-widget-text-editor\" data-id=\"52db64c\" data-element_type=\"widget\" data-e-type=\"widget\" data-widget_type=\"text-editor.default\">\n\t\t\t\t<div class=\"elementor-widget-container\">\n\t\t\t\t\t\t\t\t\t<p>Fue constituida en Madrid el 8 de febrero de 1994 e inscrita en el registro de fundaciones del Ministerio de Educaci\u00f3n con el N\u00b0 247 por orden ministerial, el 6 de abril del mismo a\u00f1o se publica en el bolet\u00edn del estado.<\/p>\t\t\t\t\t\t\t\t<\/div>\n\t\t\t\t<\/div>\n\t\t\t\t<div class=\"elementor-element elementor-element-8effe8f elementor-widget elementor-widget-heading\" data-id=\"8effe8f\" data-element_type=\"widget\" data-e-type=\"widget\" data-widget_type=\"heading.default\">\n\t\t\t\t<div class=\"elementor-widget-container\">\n\t\t\t\t\t<h2 class=\"elementor-heading-title elementor-size-default\">Lo ultimo:<\/h2>\t\t\t\t<\/div>\n\t\t\t\t<\/div>\n\t\t\t\t<div class=\"elementor-element elementor-element-b73eb8d elementor-posts--align-center elementor-grid-3 elementor-grid-tablet-2 elementor-grid-mobile-1 elementor-posts--thumbnail-top elementor-widget elementor-widget-posts\" data-id=\"b73eb8d\" data-element_type=\"widget\" data-e-type=\"widget\" data-settings=\"{&quot;classic_columns&quot;:&quot;3&quot;,&quot;classic_columns_tablet&quot;:&quot;2&quot;,&quot;classic_columns_mobile&quot;:&quot;1&quot;,&quot;classic_row_gap&quot;:{&quot;unit&quot;:&quot;px&quot;,&quot;size&quot;:35,&quot;sizes&quot;:[]},&quot;classic_row_gap_widescreen&quot;:{&quot;unit&quot;:&quot;px&quot;,&quot;size&quot;:&quot;&quot;,&quot;sizes&quot;:[]},&quot;classic_row_gap_laptop&quot;:{&quot;unit&quot;:&quot;px&quot;,&quot;size&quot;:&quot;&quot;,&quot;sizes&quot;:[]},&quot;classic_row_gap_tablet_extra&quot;:{&quot;unit&quot;:&quot;px&quot;,&quot;size&quot;:&quot;&quot;,&quot;sizes&quot;:[]},&quot;classic_row_gap_tablet&quot;:{&quot;unit&quot;:&quot;px&quot;,&quot;size&quot;:&quot;&quot;,&quot;sizes&quot;:[]},&quot;classic_row_gap_mobile_extra&quot;:{&quot;unit&quot;:&quot;px&quot;,&quot;size&quot;:&quot;&quot;,&quot;sizes&quot;:[]},&quot;classic_row_gap_mobile&quot;:{&quot;unit&quot;:&quot;px&quot;,&quot;size&quot;:&quot;&quot;,&quot;sizes&quot;:[]}}\" data-widget_type=\"posts.classic\">\n\t\t\t\t<div class=\"elementor-widget-container\">\n\t\t\t\t\t\t\t<div class=\"elementor-posts-container elementor-posts elementor-posts--skin-classic elementor-grid\" role=\"list\">\n\t\t\t\t<article class=\"elementor-post elementor-grid-item post-18238 post type-post status-publish format-standard has-post-thumbnail hentry category-cultura\" role=\"listitem\">\n\t\t\t\t<a class=\"elementor-post__thumbnail__link\" href=\"https:\/\/www.fundacioneducacionydesarrollo.org\/en\/31-2\/\" tabindex=\"-1\" >\n\t\t\t<div class=\"elementor-post__thumbnail\"><img loading=\"lazy\" decoding=\"async\" width=\"300\" height=\"222\" src=\"https:\/\/www.fundacioneducacionydesarrollo.org\/wp-content\/uploads\/2025\/08\/WhatsApp-Image-2025-08-20-at-12.38.12-300x222.jpeg\" class=\"attachment-medium size-medium wp-image-18243\" alt=\"Fundaci\u00f3n Educaci\u00f3n y Desarrollo 31 aniversario\" srcset=\"https:\/\/www.fundacioneducacionydesarrollo.org\/wp-content\/uploads\/2025\/08\/WhatsApp-Image-2025-08-20-at-12.38.12-300x222.jpeg 300w, https:\/\/www.fundacioneducacionydesarrollo.org\/wp-content\/uploads\/2025\/08\/WhatsApp-Image-2025-08-20-at-12.38.12-1024x759.jpeg 1024w, https:\/\/www.fundacioneducacionydesarrollo.org\/wp-content\/uploads\/2025\/08\/WhatsApp-Image-2025-08-20-at-12.38.12-768x569.jpeg 768w, https:\/\/www.fundacioneducacionydesarrollo.org\/wp-content\/uploads\/2025\/08\/WhatsApp-Image-2025-08-20-at-12.38.12-1536x1139.jpeg 1536w, https:\/\/www.fundacioneducacionydesarrollo.org\/wp-content\/uploads\/2025\/08\/WhatsApp-Image-2025-08-20-at-12.38.12-2048x1518.jpeg 2048w, https:\/\/www.fundacioneducacionydesarrollo.org\/wp-content\/uploads\/2025\/08\/WhatsApp-Image-2025-08-20-at-12.38.12-16x12.jpeg 16w\" sizes=\"(max-width: 300px) 100vw, 300px\" \/><\/div>\n\t\t<\/a>\n\t\t\t\t<div class=\"elementor-post__text\">\n\t\t\t\t<h3 class=\"elementor-post__title\">\n\t\t\t<a href=\"https:\/\/www.fundacioneducacionydesarrollo.org\/en\/31-2\/\" >\n\t\t\t\t31 A\u00f1os de Compromiso Social con la Infancia\t\t\t<\/a>\n\t\t<\/h3>\n\t\t\t\t<div class=\"elementor-post__meta-data\">\n\t\t\t\t\t<span class=\"elementor-post-date\">\n\t\t\t20 de August de 2025\t\t<\/span>\n\t\t\t\t<span class=\"elementor-post-avatar\">\n\t\t\tNo Comments\t\t<\/span>\n\t\t\t\t<\/div>\n\t\t\n\t\t<a class=\"elementor-post__read-more\" href=\"https:\/\/www.fundacioneducacionydesarrollo.org\/en\/31-2\/\" aria-label=\"Read more about 31 A\u00f1os de Compromiso Social con la Infancia\" tabindex=\"-1\" >\n\t\t\tLeer M\u00e1s \u00bb\t\t<\/a>\n\n\t\t\t\t<\/div>\n\t\t\t\t<\/article>\n\t\t\t\t<article class=\"elementor-post elementor-grid-item post-17406 post type-post status-publish format-standard has-post-thumbnail hentry category-cultura category-infantil\" role=\"listitem\">\n\t\t\t\t<a class=\"elementor-post__thumbnail__link\" href=\"https:\/\/www.fundacioneducacionydesarrollo.org\/en\/celebramos-el-ano-nuevo-chino\/\" tabindex=\"-1\" >\n\t\t\t<div class=\"elementor-post__thumbnail\"><img loading=\"lazy\" decoding=\"async\" width=\"300\" height=\"200\" src=\"https:\/\/www.fundacioneducacionydesarrollo.org\/wp-content\/uploads\/2025\/02\/WhatsApp-Image-2025-02-05-at-18.59.09-300x200.jpeg\" class=\"attachment-medium size-medium wp-image-17436\" alt=\"A\u00f1o Nuevo Chino\" srcset=\"https:\/\/www.fundacioneducacionydesarrollo.org\/wp-content\/uploads\/2025\/02\/WhatsApp-Image-2025-02-05-at-18.59.09-300x200.jpeg 300w, https:\/\/www.fundacioneducacionydesarrollo.org\/wp-content\/uploads\/2025\/02\/WhatsApp-Image-2025-02-05-at-18.59.09-1024x682.jpeg 1024w, https:\/\/www.fundacioneducacionydesarrollo.org\/wp-content\/uploads\/2025\/02\/WhatsApp-Image-2025-02-05-at-18.59.09-768x512.jpeg 768w, https:\/\/www.fundacioneducacionydesarrollo.org\/wp-content\/uploads\/2025\/02\/WhatsApp-Image-2025-02-05-at-18.59.09-1536x1023.jpeg 1536w, https:\/\/www.fundacioneducacionydesarrollo.org\/wp-content\/uploads\/2025\/02\/WhatsApp-Image-2025-02-05-at-18.59.09-18x12.jpeg 18w, https:\/\/www.fundacioneducacionydesarrollo.org\/wp-content\/uploads\/2025\/02\/WhatsApp-Image-2025-02-05-at-18.59.09.jpeg 1600w\" sizes=\"(max-width: 300px) 100vw, 300px\" \/><\/div>\n\t\t<\/a>\n\t\t\t\t<div class=\"elementor-post__text\">\n\t\t\t\t<h3 class=\"elementor-post__title\">\n\t\t\t<a href=\"https:\/\/www.fundacioneducacionydesarrollo.org\/en\/celebramos-el-ano-nuevo-chino\/\" >\n\t\t\t\tCelebramos el A\u00f1o Nuevo Chino\t\t\t<\/a>\n\t\t<\/h3>\n\t\t\t\t<div class=\"elementor-post__meta-data\">\n\t\t\t\t\t<span class=\"elementor-post-date\">\n\t\t\t5 de February de 2025\t\t<\/span>\n\t\t\t\t<span class=\"elementor-post-avatar\">\n\t\t\tNo Comments\t\t<\/span>\n\t\t\t\t<\/div>\n\t\t\n\t\t<a class=\"elementor-post__read-more\" href=\"https:\/\/www.fundacioneducacionydesarrollo.org\/en\/celebramos-el-ano-nuevo-chino\/\" aria-label=\"Read more about Celebramos el A\u00f1o Nuevo Chino\" tabindex=\"-1\" >\n\t\t\tLeer M\u00e1s \u00bb\t\t<\/a>\n\n\t\t\t\t<\/div>\n\t\t\t\t<\/article>\n\t\t\t\t<article class=\"elementor-post elementor-grid-item post-17120 post type-post status-publish format-standard has-post-thumbnail hentry category-juego\" role=\"listitem\">\n\t\t\t\t<a class=\"elementor-post__thumbnail__link\" href=\"https:\/\/www.fundacioneducacionydesarrollo.org\/en\/jugando-en-el-cole\/\" tabindex=\"-1\" >\n\t\t\t<div class=\"elementor-post__thumbnail\"><img loading=\"lazy\" decoding=\"async\" width=\"300\" height=\"169\" src=\"https:\/\/www.fundacioneducacionydesarrollo.org\/wp-content\/uploads\/2024\/05\/WhatsApp-Image-2024-05-18-at-2.48.12-AM-e1716584084323-300x169.jpeg\" class=\"attachment-medium size-medium wp-image-15379\" alt=\"\" srcset=\"https:\/\/www.fundacioneducacionydesarrollo.org\/wp-content\/uploads\/2024\/05\/WhatsApp-Image-2024-05-18-at-2.48.12-AM-e1716584084323-300x169.jpeg 300w, https:\/\/www.fundacioneducacionydesarrollo.org\/wp-content\/uploads\/2024\/05\/WhatsApp-Image-2024-05-18-at-2.48.12-AM-e1716584084323-1024x576.jpeg 1024w, https:\/\/www.fundacioneducacionydesarrollo.org\/wp-content\/uploads\/2024\/05\/WhatsApp-Image-2024-05-18-at-2.48.12-AM-e1716584084323-768x432.jpeg 768w, https:\/\/www.fundacioneducacionydesarrollo.org\/wp-content\/uploads\/2024\/05\/WhatsApp-Image-2024-05-18-at-2.48.12-AM-e1716584084323-1536x864.jpeg 1536w, https:\/\/www.fundacioneducacionydesarrollo.org\/wp-content\/uploads\/2024\/05\/WhatsApp-Image-2024-05-18-at-2.48.12-AM-e1716584084323-18x10.jpeg 18w, https:\/\/www.fundacioneducacionydesarrollo.org\/wp-content\/uploads\/2024\/05\/WhatsApp-Image-2024-05-18-at-2.48.12-AM-e1716584084323.jpeg 1599w\" sizes=\"(max-width: 300px) 100vw, 300px\" \/><\/div>\n\t\t<\/a>\n\t\t\t\t<div class=\"elementor-post__text\">\n\t\t\t\t<h3 class=\"elementor-post__title\">\n\t\t\t<a href=\"https:\/\/www.fundacioneducacionydesarrollo.org\/en\/jugando-en-el-cole\/\" >\n\t\t\t\tLudotecas escolares y su impacto en la convivencia entre estudiantes\t\t\t<\/a>\n\t\t<\/h3>\n\t\t\t\t<div class=\"elementor-post__meta-data\">\n\t\t\t\t\t<span class=\"elementor-post-date\">\n\t\t\t13 de November de 2024\t\t<\/span>\n\t\t\t\t<span class=\"elementor-post-avatar\">\n\t\t\tNo Comments\t\t<\/span>\n\t\t\t\t<\/div>\n\t\t\n\t\t<a class=\"elementor-post__read-more\" href=\"https:\/\/www.fundacioneducacionydesarrollo.org\/en\/jugando-en-el-cole\/\" aria-label=\"Read more about Ludotecas escolares y su impacto en la convivencia entre estudiantes\" tabindex=\"-1\" >\n\t\t\tLeer M\u00e1s \u00bb\t\t<\/a>\n\n\t\t\t\t<\/div>\n\t\t\t\t<\/article>\n\t\t\t\t<article class=\"elementor-post elementor-grid-item post-16862 post type-post status-publish format-standard has-post-thumbnail hentry category-naturaleza\" role=\"listitem\">\n\t\t\t\t<a class=\"elementor-post__thumbnail__link\" href=\"https:\/\/www.fundacioneducacionydesarrollo.org\/en\/1ra-exposicion-de-juguetes-ecologicos-fed-2024\/\" tabindex=\"-1\" >\n\t\t\t<div class=\"elementor-post__thumbnail\"><img loading=\"lazy\" decoding=\"async\" width=\"300\" height=\"225\" src=\"https:\/\/www.fundacioneducacionydesarrollo.org\/wp-content\/uploads\/2024\/10\/463887577_576140441744844_1246978782419924533_n-300x225.jpg\" class=\"attachment-medium size-medium wp-image-16867\" alt=\"\" srcset=\"https:\/\/www.fundacioneducacionydesarrollo.org\/wp-content\/uploads\/2024\/10\/463887577_576140441744844_1246978782419924533_n-300x225.jpg 300w, https:\/\/www.fundacioneducacionydesarrollo.org\/wp-content\/uploads\/2024\/10\/463887577_576140441744844_1246978782419924533_n-1024x768.jpg 1024w, https:\/\/www.fundacioneducacionydesarrollo.org\/wp-content\/uploads\/2024\/10\/463887577_576140441744844_1246978782419924533_n-768x576.jpg 768w, https:\/\/www.fundacioneducacionydesarrollo.org\/wp-content\/uploads\/2024\/10\/463887577_576140441744844_1246978782419924533_n-1536x1152.jpg 1536w, https:\/\/www.fundacioneducacionydesarrollo.org\/wp-content\/uploads\/2024\/10\/463887577_576140441744844_1246978782419924533_n-16x12.jpg 16w, https:\/\/www.fundacioneducacionydesarrollo.org\/wp-content\/uploads\/2024\/10\/463887577_576140441744844_1246978782419924533_n.jpg 1600w\" sizes=\"(max-width: 300px) 100vw, 300px\" \/><\/div>\n\t\t<\/a>\n\t\t\t\t<div class=\"elementor-post__text\">\n\t\t\t\t<h3 class=\"elementor-post__title\">\n\t\t\t<a href=\"https:\/\/www.fundacioneducacionydesarrollo.org\/en\/1ra-exposicion-de-juguetes-ecologicos-fed-2024\/\" >\n\t\t\t\t1ra. Exposici\u00f3n de Juguetes Ecol\u00f3gicos FED 2024\t\t\t<\/a>\n\t\t<\/h3>\n\t\t\t\t<div class=\"elementor-post__meta-data\">\n\t\t\t\t\t<span class=\"elementor-post-date\">\n\t\t\t28 de October de 2024\t\t<\/span>\n\t\t\t\t<span class=\"elementor-post-avatar\">\n\t\t\tNo Comments\t\t<\/span>\n\t\t\t\t<\/div>\n\t\t\n\t\t<a class=\"elementor-post__read-more\" href=\"https:\/\/www.fundacioneducacionydesarrollo.org\/en\/1ra-exposicion-de-juguetes-ecologicos-fed-2024\/\" aria-label=\"Read more about 1ra. Exposici\u00f3n de Juguetes Ecol\u00f3gicos FED 2024\" tabindex=\"-1\" >\n\t\t\tLeer M\u00e1s \u00bb\t\t<\/a>\n\n\t\t\t\t<\/div>\n\t\t\t\t<\/article>\n\t\t\t\t<article class=\"elementor-post elementor-grid-item post-13738 post type-post status-publish format-standard has-post-thumbnail hentry category-naturaleza\" role=\"listitem\">\n\t\t\t\t<a class=\"elementor-post__thumbnail__link\" href=\"https:\/\/www.fundacioneducacionydesarrollo.org\/en\/cajas-nidos\/\" tabindex=\"-1\" >\n\t\t\t<div class=\"elementor-post__thumbnail\"><img loading=\"lazy\" decoding=\"async\" width=\"300\" height=\"300\" src=\"https:\/\/www.fundacioneducacionydesarrollo.org\/wp-content\/uploads\/2023\/03\/WhatsApp-Image-2022-11-08-at-10.19.49-AM-1-300x300.jpeg\" class=\"attachment-medium size-medium wp-image-13746\" alt=\"\" srcset=\"https:\/\/www.fundacioneducacionydesarrollo.org\/wp-content\/uploads\/2023\/03\/WhatsApp-Image-2022-11-08-at-10.19.49-AM-1-300x300.jpeg 300w, https:\/\/www.fundacioneducacionydesarrollo.org\/wp-content\/uploads\/2023\/03\/WhatsApp-Image-2022-11-08-at-10.19.49-AM-1-1024x1024.jpeg 1024w, https:\/\/www.fundacioneducacionydesarrollo.org\/wp-content\/uploads\/2023\/03\/WhatsApp-Image-2022-11-08-at-10.19.49-AM-1-150x150.jpeg 150w, https:\/\/www.fundacioneducacionydesarrollo.org\/wp-content\/uploads\/2023\/03\/WhatsApp-Image-2022-11-08-at-10.19.49-AM-1-768x768.jpeg 768w, https:\/\/www.fundacioneducacionydesarrollo.org\/wp-content\/uploads\/2023\/03\/WhatsApp-Image-2022-11-08-at-10.19.49-AM-1-1536x1536.jpeg 1536w, https:\/\/www.fundacioneducacionydesarrollo.org\/wp-content\/uploads\/2023\/03\/WhatsApp-Image-2022-11-08-at-10.19.49-AM-1-12x12.jpeg 12w, https:\/\/www.fundacioneducacionydesarrollo.org\/wp-content\/uploads\/2023\/03\/WhatsApp-Image-2022-11-08-at-10.19.49-AM-1.jpeg 2048w\" sizes=\"(max-width: 300px) 100vw, 300px\" \/><\/div>\n\t\t<\/a>\n\t\t\t\t<div class=\"elementor-post__text\">\n\t\t\t\t<h3 class=\"elementor-post__title\">\n\t\t\t<a href=\"https:\/\/www.fundacioneducacionydesarrollo.org\/en\/cajas-nidos\/\" >\n\t\t\t\tConocemos la naturaleza a trav\u00e9s de las Cajas Nidos\t\t\t<\/a>\n\t\t<\/h3>\n\t\t\t\t<div class=\"elementor-post__meta-data\">\n\t\t\t\t\t<span class=\"elementor-post-date\">\n\t\t\t29 de March de 2023\t\t<\/span>\n\t\t\t\t<span class=\"elementor-post-avatar\">\n\t\t\tNo Comments\t\t<\/span>\n\t\t\t\t<\/div>\n\t\t\n\t\t<a class=\"elementor-post__read-more\" href=\"https:\/\/www.fundacioneducacionydesarrollo.org\/en\/cajas-nidos\/\" aria-label=\"Read more about Conocemos la naturaleza a trav\u00e9s de las Cajas Nidos\" tabindex=\"-1\" >\n\t\t\tLeer M\u00e1s \u00bb\t\t<\/a>\n\n\t\t\t\t<\/div>\n\t\t\t\t<\/article>\n\t\t\t\t<article class=\"elementor-post elementor-grid-item post-4965 post type-post status-publish format-standard has-post-thumbnail hentry category-juego category-juguetes tag-juego tag-jugando tag-juguetes tag-ludotecas\" role=\"listitem\">\n\t\t\t\t<a class=\"elementor-post__thumbnail__link\" href=\"https:\/\/www.fundacioneducacionydesarrollo.org\/en\/blog-2-page-3\/\" tabindex=\"-1\" >\n\t\t\t<div class=\"elementor-post__thumbnail\"><img loading=\"lazy\" decoding=\"async\" width=\"300\" height=\"169\" src=\"https:\/\/www.fundacioneducacionydesarrollo.org\/wp-content\/uploads\/2022\/02\/IMG-20200401-WA0075-300x169.jpg\" class=\"attachment-medium size-medium wp-image-4993\" alt=\"ludoteca fed\" srcset=\"https:\/\/www.fundacioneducacionydesarrollo.org\/wp-content\/uploads\/2022\/02\/IMG-20200401-WA0075-300x169.jpg 300w, https:\/\/www.fundacioneducacionydesarrollo.org\/wp-content\/uploads\/2022\/02\/IMG-20200401-WA0075-1024x576.jpg 1024w, https:\/\/www.fundacioneducacionydesarrollo.org\/wp-content\/uploads\/2022\/02\/IMG-20200401-WA0075-768x432.jpg 768w, https:\/\/www.fundacioneducacionydesarrollo.org\/wp-content\/uploads\/2022\/02\/IMG-20200401-WA0075.jpg 1280w\" sizes=\"(max-width: 300px) 100vw, 300px\" \/><\/div>\n\t\t<\/a>\n\t\t\t\t<div class=\"elementor-post__text\">\n\t\t\t\t<h3 class=\"elementor-post__title\">\n\t\t\t<a href=\"https:\/\/www.fundacioneducacionydesarrollo.org\/en\/blog-2-page-3\/\" >\n\t\t\t\tJugando Contra el Coronavirus\t\t\t<\/a>\n\t\t<\/h3>\n\t\t\t\t<div class=\"elementor-post__meta-data\">\n\t\t\t\t\t<span class=\"elementor-post-date\">\n\t\t\t9 de February de 2022\t\t<\/span>\n\t\t\t\t<span class=\"elementor-post-avatar\">\n\t\t\tNo Comments\t\t<\/span>\n\t\t\t\t<\/div>\n\t\t\n\t\t<a class=\"elementor-post__read-more\" href=\"https:\/\/www.fundacioneducacionydesarrollo.org\/en\/blog-2-page-3\/\" aria-label=\"Read more about Jugando Contra el Coronavirus\" tabindex=\"-1\" >\n\t\t\tLeer M\u00e1s \u00bb\t\t<\/a>\n\n\t\t\t\t<\/div>\n\t\t\t\t<\/article>\n\t\t\t\t<\/div>\n\t\t\n\t\t\t\t\t\t<\/div>\n\t\t\t\t<\/div>\n\t\t\t\t<div class=\"elementor-element elementor-element-2d02a22 elementor-widget-divider--view-line elementor-widget elementor-widget-divider\" data-id=\"2d02a22\" data-element_type=\"widget\" data-e-type=\"widget\" data-widget_type=\"divider.default\">\n\t\t\t\t<div class=\"elementor-widget-container\">\n\t\t\t\t\t\t\t<div class=\"elementor-divider\">\n\t\t\t<span class=\"elementor-divider-separator\">\n\t\t\t\t\t\t<\/span>\n\t\t<\/div>\n\t\t\t\t\t\t<\/div>\n\t\t\t\t<\/div>\n\t\t\t\t<div class=\"elementor-element elementor-element-1c028d0 elementor-shape-circle elementor-grid-0 e-grid-align-center elementor-widget elementor-widget-social-icons\" data-id=\"1c028d0\" data-element_type=\"widget\" data-e-type=\"widget\" data-widget_type=\"social-icons.default\">\n\t\t\t\t<div class=\"elementor-widget-container\">\n\t\t\t\t\t\t\t<div class=\"elementor-social-icons-wrapper elementor-grid\" role=\"list\">\n\t\t\t\t\t\t\t<span class=\"elementor-grid-item\" role=\"listitem\">\n\t\t\t\t\t<a class=\"elementor-icon elementor-social-icon elementor-social-icon-facebook elementor-repeater-item-1cdf311\" href=\"https:\/\/www.facebook.com\/feducaydesarrol\" target=\"_blank\">\n\t\t\t\t\t\t<span class=\"elementor-screen-only\">Facebook<\/span>\n\t\t\t\t\t\t<i aria-hidden=\"true\" class=\"fab fa-facebook\"><\/i>\t\t\t\t\t<\/a>\n\t\t\t\t<\/span>\n\t\t\t\t\t\t\t<span class=\"elementor-grid-item\" role=\"listitem\">\n\t\t\t\t\t<a class=\"elementor-icon elementor-social-icon elementor-social-icon-twitter elementor-repeater-item-ad79157\" href=\"https:\/\/twitter.com\/feducaydesarrol?t=pWisiS3215f5wsB7tE6Tvw&#038;s=08\" target=\"_blank\">\n\t\t\t\t\t\t<span class=\"elementor-screen-only\">Twitter<\/span>\n\t\t\t\t\t\t<i aria-hidden=\"true\" class=\"fab fa-twitter\"><\/i>\t\t\t\t\t<\/a>\n\t\t\t\t<\/span>\n\t\t\t\t\t\t\t<span class=\"elementor-grid-item\" role=\"listitem\">\n\t\t\t\t\t<a class=\"elementor-icon elementor-social-icon elementor-social-icon-youtube elementor-repeater-item-a251f62\" href=\"https:\/\/www.youtube.com\/channel\/UCMVtVMkZAYjDVMQ2EOwLFQw\" target=\"_blank\">\n\t\t\t\t\t\t<span class=\"elementor-screen-only\">Youtube<\/span>\n\t\t\t\t\t\t<i aria-hidden=\"true\" class=\"fab fa-youtube\"><\/i>\t\t\t\t\t<\/a>\n\t\t\t\t<\/span>\n\t\t\t\t\t\t\t<span class=\"elementor-grid-item\" role=\"listitem\">\n\t\t\t\t\t<a class=\"elementor-icon elementor-social-icon elementor-social-icon-instagram elementor-repeater-item-cb2c6b7\" href=\"https:\/\/instagram.com\/fundeducacionydesarrollo?igshid=YmMyMTA2M2Y=\" target=\"_blank\">\n\t\t\t\t\t\t<span class=\"elementor-screen-only\">Instagram<\/span>\n\t\t\t\t\t\t<i aria-hidden=\"true\" class=\"fab fa-instagram\"><\/i>\t\t\t\t\t<\/a>\n\t\t\t\t<\/span>\n\t\t\t\t\t<\/div>\n\t\t\t\t\t\t<\/div>\n\t\t\t\t<\/div>\n\t\t\t\t\t<\/div>\n\t\t<\/div>\n\t\t\t\t\t<\/div>\n\t\t<\/section>\n\t\t\t\t<section class=\"elementor-section elementor-top-section elementor-element elementor-element-8a0dbdf elementor-section-stretched elementor-hidden-widescreen elementor-hidden-desktop elementor-hidden-laptop elementor-hidden-tablet_extra elementor-hidden-tablet elementor-section-boxed elementor-section-height-default elementor-section-height-default\" data-id=\"8a0dbdf\" data-element_type=\"section\" data-e-type=\"section\" data-settings=\"{&quot;stretch_section&quot;:&quot;section-stretched&quot;,&quot;background_background&quot;:&quot;classic&quot;}\">\n\t\t\t\t\t\t<div class=\"elementor-container elementor-column-gap-default\">\n\t\t\t\t\t<div class=\"elementor-column elementor-col-100 elementor-top-column elementor-element elementor-element-f09acea\" data-id=\"f09acea\" data-element_type=\"column\" data-e-type=\"column\">\n\t\t\t<div class=\"elementor-widget-wrap elementor-element-populated\">\n\t\t\t\t\t\t<div class=\"elementor-element elementor-element-f0f5079 elementor-view-default elementor-widget elementor-widget-icon\" data-id=\"f0f5079\" data-element_type=\"widget\" data-e-type=\"widget\" data-widget_type=\"icon.default\">\n\t\t\t\t<div class=\"elementor-widget-container\">\n\t\t\t\t\t\t\t<div class=\"elementor-icon-wrapper\">\n\t\t\t<a class=\"elementor-icon\" href=\"#conociendoelmar\">\n\t\t\t<i aria-hidden=\"true\" class=\"fas fa-angle-double-up\"><\/i>\t\t\t<\/a>\n\t\t<\/div>\n\t\t\t\t\t\t<\/div>\n\t\t\t\t<\/div>\n\t\t\t\t\t<\/div>\n\t\t<\/div>\n\t\t\t\t\t<\/div>\n\t\t<\/section>\n\t\t\t\t<\/div>\n\t\t","protected":false},"excerpt":{"rendered":"<p>COLABORA Piura, Per\u00fa \u2013 Un martes cualquiera del mes de agosto del a\u00f1o 2014 en la caleta La Tortuga se convierte en un d\u00eda inolvidable<\/p>","protected":false},"author":2,"featured_media":17385,"parent":599,"menu_order":0,"comment_status":"closed","ping_status":"closed","template":"elementor_header_footer","meta":{"site-sidebar-layout":"no-sidebar","site-content-layout":"page-builder","ast-site-content-layout":"default","site-content-style":"default","site-sidebar-style":"default","ast-global-header-display":"","ast-banner-title-visibility":"","ast-main-header-display":"","ast-hfb-above-header-display":"","ast-hfb-below-header-display":"","ast-hfb-mobile-header-display":"","site-post-title":"disabled","ast-breadcrumbs-content":"","ast-featured-img":"disabled","footer-sml-layout":"disabled","theme-transparent-header-meta":"","adv-header-id-meta":"","stick-header-meta":"","header-above-stick-meta":"","header-main-stick-meta":"","header-below-stick-meta":"","astra-migrate-meta-layouts":"default","ast-page-background-enabled":"default","ast-page-background-meta":{"desktop":{"background-color":"var(--ast-global-color-4)","background-image":"","background-repeat":"repeat","background-position":"center center","background-size":"auto","background-attachment":"scroll","background-type":"","background-media":"","overlay-type":"","overlay-color":"","overlay-opacity":"","overlay-gradient":""},"tablet":{"background-color":"","background-image":"","background-repeat":"repeat","background-position":"center center","background-size":"auto","background-attachment":"scroll","background-type":"","background-media":"","overlay-type":"","overlay-color":"","overlay-opacity":"","overlay-gradient":""},"mobile":{"background-color":"","background-image":"","background-repeat":"repeat","background-position":"center center","background-size":"auto","background-attachment":"scroll","background-type":"","background-media":"","overlay-type":"","overlay-color":"","overlay-opacity":"","overlay-gradient":""}},"ast-content-background-meta":{"desktop":{"background-color":"var(--ast-global-color-5)","background-image":"","background-repeat":"repeat","background-position":"center center","background-size":"auto","background-attachment":"scroll","background-type":"","background-media":"","overlay-type":"","overlay-color":"","overlay-opacity":"","overlay-gradient":""},"tablet":{"background-color":"var(--ast-global-color-5)","background-image":"","background-repeat":"repeat","background-position":"center center","background-size":"auto","background-attachment":"scroll","background-type":"","background-media":"","overlay-type":"","overlay-color":"","overlay-opacity":"","overlay-gradient":""},"mobile":{"background-color":"var(--ast-global-color-5)","background-image":"","background-repeat":"repeat","background-position":"center center","background-size":"auto","background-attachment":"scroll","background-type":"","background-media":"","overlay-type":"","overlay-color":"","overlay-opacity":"","overlay-gradient":""}},"_joinchat":[],"footnotes":""},"class_list":["post-17321","page","type-page","status-publish","has-post-thumbnail","hentry"],"yoast_head":"<!-- This site is optimized with the Yoast SEO plugin v27.5 - https:\/\/yoast.com\/product\/yoast-seo-wordpress\/ -->\n<title>Primera mirada al Mar -<\/title>\n<meta name=\"description\" content=\"Piura, Per\u00fa \u2013 Un martes cualquiera del mes de agosto del a\u00f1o 2014 en la caleta La Tortuga se convierte en un d\u00eda inolvidable para ....\" \/>\n<meta name=\"robots\" content=\"index, follow, max-snippet:-1, max-image-preview:large, max-video-preview:-1\" \/>\n<link rel=\"canonical\" href=\"https:\/\/www.fundacioneducacionydesarrollo.org\/en\/biblioteca\/primera-mirada-al-mar\/\" \/>\n<meta property=\"og:locale\" content=\"en_US\" \/>\n<meta property=\"og:type\" content=\"article\" \/>\n<meta property=\"og:title\" content=\"Primera mirada al Mar -\" \/>\n<meta property=\"og:description\" content=\"Piura, Per\u00fa \u2013 Un martes cualquiera del mes de agosto del a\u00f1o 2014 en la caleta La Tortuga se convierte en un d\u00eda inolvidable para ....\" \/>\n<meta property=\"og:url\" content=\"https:\/\/www.fundacioneducacionydesarrollo.org\/en\/biblioteca\/primera-mirada-al-mar\/\" \/>\n<meta property=\"article:modified_time\" content=\"2025-03-11T10:42:43+00:00\" \/>\n<meta property=\"og:image\" content=\"https:\/\/www.fundacioneducacionydesarrollo.org\/wp-content\/uploads\/2025\/01\/WhatsApp-Image-2025-01-19-at-14.25.57.jpeg\" \/>\n\t<meta property=\"og:image:width\" content=\"1600\" \/>\n\t<meta property=\"og:image:height\" content=\"1200\" \/>\n\t<meta property=\"og:image:type\" content=\"image\/jpeg\" \/>\n<meta name=\"twitter:card\" content=\"summary_large_image\" \/>\n<meta name=\"twitter:label1\" content=\"Est. reading time\" \/>\n\t<meta name=\"twitter:data1\" content=\"9 minutes\" \/>\n<script type=\"application\/ld+json\" class=\"yoast-schema-graph\">{\"@context\":\"https:\\\/\\\/schema.org\",\"@graph\":[{\"@type\":\"WebPage\",\"@id\":\"https:\\\/\\\/www.fundacioneducacionydesarrollo.org\\\/biblioteca\\\/primera-mirada-al-mar\\\/\",\"url\":\"https:\\\/\\\/www.fundacioneducacionydesarrollo.org\\\/biblioteca\\\/primera-mirada-al-mar\\\/\",\"name\":\"Primera mirada al Mar -\",\"isPartOf\":{\"@id\":\"https:\\\/\\\/www.fundacioneducacionydesarrollo.org\\\/#website\"},\"primaryImageOfPage\":{\"@id\":\"https:\\\/\\\/www.fundacioneducacionydesarrollo.org\\\/biblioteca\\\/primera-mirada-al-mar\\\/#primaryimage\"},\"image\":{\"@id\":\"https:\\\/\\\/www.fundacioneducacionydesarrollo.org\\\/biblioteca\\\/primera-mirada-al-mar\\\/#primaryimage\"},\"thumbnailUrl\":\"https:\\\/\\\/www.fundacioneducacionydesarrollo.org\\\/wp-content\\\/uploads\\\/2025\\\/01\\\/WhatsApp-Image-2025-01-19-at-14.25.57.jpeg\",\"datePublished\":\"2025-01-17T16:06:42+00:00\",\"dateModified\":\"2025-03-11T10:42:43+00:00\",\"description\":\"Piura, Per\u00fa \u2013 Un martes cualquiera del mes de agosto del a\u00f1o 2014 en la caleta La Tortuga se convierte en un d\u00eda inolvidable para ....\",\"breadcrumb\":{\"@id\":\"https:\\\/\\\/www.fundacioneducacionydesarrollo.org\\\/biblioteca\\\/primera-mirada-al-mar\\\/#breadcrumb\"},\"inLanguage\":\"en-US\",\"potentialAction\":[{\"@type\":\"ReadAction\",\"target\":[\"https:\\\/\\\/www.fundacioneducacionydesarrollo.org\\\/biblioteca\\\/primera-mirada-al-mar\\\/\"]}]},{\"@type\":\"ImageObject\",\"inLanguage\":\"en-US\",\"@id\":\"https:\\\/\\\/www.fundacioneducacionydesarrollo.org\\\/biblioteca\\\/primera-mirada-al-mar\\\/#primaryimage\",\"url\":\"https:\\\/\\\/www.fundacioneducacionydesarrollo.org\\\/wp-content\\\/uploads\\\/2025\\\/01\\\/WhatsApp-Image-2025-01-19-at-14.25.57.jpeg\",\"contentUrl\":\"https:\\\/\\\/www.fundacioneducacionydesarrollo.org\\\/wp-content\\\/uploads\\\/2025\\\/01\\\/WhatsApp-Image-2025-01-19-at-14.25.57.jpeg\",\"width\":1600,\"height\":1200},{\"@type\":\"BreadcrumbList\",\"@id\":\"https:\\\/\\\/www.fundacioneducacionydesarrollo.org\\\/biblioteca\\\/primera-mirada-al-mar\\\/#breadcrumb\",\"itemListElement\":[{\"@type\":\"ListItem\",\"position\":1,\"name\":\"Portada\",\"item\":\"https:\\\/\\\/www.fundacioneducacionydesarrollo.org\\\/\"},{\"@type\":\"ListItem\",\"position\":2,\"name\":\"BIBLIOTECA\",\"item\":\"https:\\\/\\\/www.fundacioneducacionydesarrollo.org\\\/biblioteca\\\/\"},{\"@type\":\"ListItem\",\"position\":3,\"name\":\"Primera mirada al Mar\"}]},{\"@type\":\"WebSite\",\"@id\":\"https:\\\/\\\/www.fundacioneducacionydesarrollo.org\\\/#website\",\"url\":\"https:\\\/\\\/www.fundacioneducacionydesarrollo.org\\\/\",\"name\":\"\",\"description\":\"La Fundaci\u00f3n Educaci\u00f3n y Desarrollo y la Infancia\",\"potentialAction\":[{\"@type\":\"SearchAction\",\"target\":{\"@type\":\"EntryPoint\",\"urlTemplate\":\"https:\\\/\\\/www.fundacioneducacionydesarrollo.org\\\/?s={search_term_string}\"},\"query-input\":{\"@type\":\"PropertyValueSpecification\",\"valueRequired\":true,\"valueName\":\"search_term_string\"}}],\"inLanguage\":\"en-US\"}]}<\/script>\n<!-- \/ Yoast SEO plugin. -->","yoast_head_json":{"title":"Primera mirada al Mar -","description":"Piura, Per\u00fa \u2013 Un martes cualquiera del mes de agosto del a\u00f1o 2014 en la caleta La Tortuga se convierte en un d\u00eda inolvidable para ....","robots":{"index":"index","follow":"follow","max-snippet":"max-snippet:-1","max-image-preview":"max-image-preview:large","max-video-preview":"max-video-preview:-1"},"canonical":"https:\/\/www.fundacioneducacionydesarrollo.org\/en\/biblioteca\/primera-mirada-al-mar\/","og_locale":"en_US","og_type":"article","og_title":"Primera mirada al Mar -","og_description":"Piura, Per\u00fa \u2013 Un martes cualquiera del mes de agosto del a\u00f1o 2014 en la caleta La Tortuga se convierte en un d\u00eda inolvidable para ....","og_url":"https:\/\/www.fundacioneducacionydesarrollo.org\/en\/biblioteca\/primera-mirada-al-mar\/","article_modified_time":"2025-03-11T10:42:43+00:00","og_image":[{"width":1600,"height":1200,"url":"https:\/\/www.fundacioneducacionydesarrollo.org\/wp-content\/uploads\/2025\/01\/WhatsApp-Image-2025-01-19-at-14.25.57.jpeg","type":"image\/jpeg"}],"twitter_card":"summary_large_image","twitter_misc":{"Est. reading time":"9 minutes"},"schema":{"@context":"https:\/\/schema.org","@graph":[{"@type":"WebPage","@id":"https:\/\/www.fundacioneducacionydesarrollo.org\/biblioteca\/primera-mirada-al-mar\/","url":"https:\/\/www.fundacioneducacionydesarrollo.org\/biblioteca\/primera-mirada-al-mar\/","name":"Primera mirada al Mar -","isPartOf":{"@id":"https:\/\/www.fundacioneducacionydesarrollo.org\/#website"},"primaryImageOfPage":{"@id":"https:\/\/www.fundacioneducacionydesarrollo.org\/biblioteca\/primera-mirada-al-mar\/#primaryimage"},"image":{"@id":"https:\/\/www.fundacioneducacionydesarrollo.org\/biblioteca\/primera-mirada-al-mar\/#primaryimage"},"thumbnailUrl":"https:\/\/www.fundacioneducacionydesarrollo.org\/wp-content\/uploads\/2025\/01\/WhatsApp-Image-2025-01-19-at-14.25.57.jpeg","datePublished":"2025-01-17T16:06:42+00:00","dateModified":"2025-03-11T10:42:43+00:00","description":"Piura, Per\u00fa \u2013 Un martes cualquiera del mes de agosto del a\u00f1o 2014 en la caleta La Tortuga se convierte en un d\u00eda inolvidable para ....","breadcrumb":{"@id":"https:\/\/www.fundacioneducacionydesarrollo.org\/biblioteca\/primera-mirada-al-mar\/#breadcrumb"},"inLanguage":"en-US","potentialAction":[{"@type":"ReadAction","target":["https:\/\/www.fundacioneducacionydesarrollo.org\/biblioteca\/primera-mirada-al-mar\/"]}]},{"@type":"ImageObject","inLanguage":"en-US","@id":"https:\/\/www.fundacioneducacionydesarrollo.org\/biblioteca\/primera-mirada-al-mar\/#primaryimage","url":"https:\/\/www.fundacioneducacionydesarrollo.org\/wp-content\/uploads\/2025\/01\/WhatsApp-Image-2025-01-19-at-14.25.57.jpeg","contentUrl":"https:\/\/www.fundacioneducacionydesarrollo.org\/wp-content\/uploads\/2025\/01\/WhatsApp-Image-2025-01-19-at-14.25.57.jpeg","width":1600,"height":1200},{"@type":"BreadcrumbList","@id":"https:\/\/www.fundacioneducacionydesarrollo.org\/biblioteca\/primera-mirada-al-mar\/#breadcrumb","itemListElement":[{"@type":"ListItem","position":1,"name":"Portada","item":"https:\/\/www.fundacioneducacionydesarrollo.org\/"},{"@type":"ListItem","position":2,"name":"BIBLIOTECA","item":"https:\/\/www.fundacioneducacionydesarrollo.org\/biblioteca\/"},{"@type":"ListItem","position":3,"name":"Primera mirada al Mar"}]},{"@type":"WebSite","@id":"https:\/\/www.fundacioneducacionydesarrollo.org\/#website","url":"https:\/\/www.fundacioneducacionydesarrollo.org\/","name":"","description":"La Fundaci\u00f3n Educaci\u00f3n y Desarrollo y la Infancia","potentialAction":[{"@type":"SearchAction","target":{"@type":"EntryPoint","urlTemplate":"https:\/\/www.fundacioneducacionydesarrollo.org\/?s={search_term_string}"},"query-input":{"@type":"PropertyValueSpecification","valueRequired":true,"valueName":"search_term_string"}}],"inLanguage":"en-US"}]}},"_links":{"self":[{"href":"https:\/\/www.fundacioneducacionydesarrollo.org\/en\/wp-json\/wp\/v2\/pages\/17321","targetHints":{"allow":["GET"]}}],"collection":[{"href":"https:\/\/www.fundacioneducacionydesarrollo.org\/en\/wp-json\/wp\/v2\/pages"}],"about":[{"href":"https:\/\/www.fundacioneducacionydesarrollo.org\/en\/wp-json\/wp\/v2\/types\/page"}],"author":[{"embeddable":true,"href":"https:\/\/www.fundacioneducacionydesarrollo.org\/en\/wp-json\/wp\/v2\/users\/2"}],"replies":[{"embeddable":true,"href":"https:\/\/www.fundacioneducacionydesarrollo.org\/en\/wp-json\/wp\/v2\/comments?post=17321"}],"version-history":[{"count":56,"href":"https:\/\/www.fundacioneducacionydesarrollo.org\/en\/wp-json\/wp\/v2\/pages\/17321\/revisions"}],"predecessor-version":[{"id":17396,"href":"https:\/\/www.fundacioneducacionydesarrollo.org\/en\/wp-json\/wp\/v2\/pages\/17321\/revisions\/17396"}],"up":[{"embeddable":true,"href":"https:\/\/www.fundacioneducacionydesarrollo.org\/en\/wp-json\/wp\/v2\/pages\/599"}],"wp:featuredmedia":[{"embeddable":true,"href":"https:\/\/www.fundacioneducacionydesarrollo.org\/en\/wp-json\/wp\/v2\/media\/17385"}],"wp:attachment":[{"href":"https:\/\/www.fundacioneducacionydesarrollo.org\/en\/wp-json\/wp\/v2\/media?parent=17321"}],"curies":[{"name":"wp","href":"https:\/\/api.w.org\/{rel}","templated":true}]}}